{"id":24,"date":"2018-01-09T14:33:03","date_gmt":"2018-01-09T16:33:03","guid":{"rendered":"http:\/\/docentes.face.ufmg.br\/john-doe\/?page_id=24"},"modified":"2025-07-15T14:03:16","modified_gmt":"2025-07-15T17:03:16","slug":"premios","status":"publish","type":"page","link":"https:\/\/docentes.face.ufmg.br\/raic\/premios\/","title":{"rendered":"Pr\u00eamios"},"content":{"rendered":"<div class=\"layout-cell layout-cell-3 text-align-right\">\n<ul>\n<li><strong>2024<\/strong> &#8211; Professor Homenageado, Turma 2023-2 Curso de Controladoria e Finan\u00e7as, UFMG., FACE\/UFMG.<\/li>\n<li><strong>2024<\/strong> &#8211; Bolsista de Produtividade CNPq, CNPq.<\/li>\n<li><strong>2024<\/strong> &#8211; Relev\u00e2ncias ? XXXIII Semana de Inicia\u00e7\u00e3o Cient\u00edfica, UFMG https:\/\/www.ufmg.br\/prpq\/noticia\/relevancias-xxxiii-semana-de-iniciacao-cientifica\/.<\/li>\n<li><strong>2023<\/strong> &#8211; Relev\u00e2ncia Acad\u00eamica da XXXII Semana de Inicia\u00e7\u00e3o Cient\u00edfica UFMG, UFMG https:\/\/www.ufmg.br\/prpq\/noticia\/relevancias-academicas-das-xxxii-semana-de-iniciacao-cientific.<\/li>\n<li><strong>2023<\/strong> &#8211; Trabalho premiado no 26\u00ba Semin\u00e1rio em Administra\u00e7\u00e3o (SemeAd) da USP(1\u00ba lugar Finan\u00e7as): &#8220;Risk-Taking na Ind\u00fastria de Fundos de Investimentos em A\u00e7\u00f5es e a Incerteza da Pol\u00edtica Econ\u00f4mica&#8221;, SemeAd 2023 USP https:\/\/semead.com.br\/26\/.<\/li>\n<li><strong>2022<\/strong> &#8211; Pr\u00eamio CFA Society Brasil de monografias em finan\u00e7as 2022 (1\u00ba lugar:, CFA Society Brasil https:\/\/cfasociety.org.br\/advocacy\/premio-cfa-society-brazil-de-inovacao-financeira).<\/li>\n<li><strong>2021<\/strong> &#8211; Avaliadores Homenageados Revista de Administra\u00e7\u00e3o de Empresas 2020, RAE FGV https:\/\/periodicos.fgv.br\/rae\/article\/view\/83320\/79088.<\/li>\n<li><strong>2019<\/strong> &#8211; Professor Paraninfo, Turma 2018-2 Curso de Controladoria e Finan\u00e7as, UFMG., FACE\/UFMG.<\/li>\n<li><strong>2019<\/strong> &#8211; Professor Patrono, Turma 2019-1 Curso de Controladoria e Finan\u00e7as, UFMG, FACE\/UFMG.<\/li>\n<li><b>2018 &#8211;\u00a0<\/b>Professor Homenageado, Turma 2017-2 Curso de Controladoria e Finan\u00e7as, UFMG.<\/li>\n<li><b>2017 &#8211;\u00a0<\/b>Professor Homenageado, Turma 2017-2 Curso de Controladoria e Finan\u00e7as, UFMG.<\/li>\n<li><b>2017 &#8211;\u00a0<\/b>Professor Homenageado, Turma 2017-1 Curso de Controladoria e Finan\u00e7as, UFMG.<\/li>\n<li><strong>2017<\/strong> &#8211; Melhores Artigos de 2017, &#8220;FUNDOS DE INVESTIMENTOS SOCIALMENTE RESPONS\u00c1VEIS E FUNDOS CONVENCIONAIS: EXISTEM DIFEREN\u00c7AS DE DESEMPENHO?&#8221;, <em>Revista Evidencia\u00e7\u00e3o Cont\u00e1bil &amp; Finan\u00e7as, RECFin<\/em>, v. 6, n. 1, p. 1-5, 2018.<\/li>\n<li><strong>2015<\/strong> &#8211;\u00a0Pr\u00eamio SBFin 2015 &#8220;Estrutura Piramidal de Controle, Emiss\u00e3o de Duas Classes de A\u00e7\u00f5es e Desempenho Financeiro das Empresas Brasileiras&#8221;, Sociedade Brasileira de Finan\u00e7as &#8211; SBFin.<\/li>\n<li><b>2015 &#8211;\u00a0<\/b>Professor Homenageado, Turma 2015-2 Curso de Controladoria e Finan\u00e7as, UFMG., UFMG.<\/li>\n<li class=\"layout-cell-pad-5 text-align-right\"><b>2014 &#8211;\u00a0<\/b>Pr\u00eamio IBGC Ita\u00fa Academia 2014 (Artigo 1\u00ba Colocado: &#8220;Mecanismos de Alavancagem do Poder de Voto, Efetividade do Conselho de Administra\u00e7\u00e3o e o Desempenho Financeiro das Empresas Brasileiras&#8221;), IBGC Ita\u00fa.<\/li>\n<li class=\"layout-cell-pad-5 text-align-right\"><b>2014 &#8211;\u00a0<\/b>Relev\u00e2ncia Acad\u00eamica XXIII Semana de Inicia\u00e7\u00e3o Cient\u00edfica &#8211; UFMG, UFMG.<\/li>\n<li class=\"layout-cell-pad-5 text-align-right\"><b>2014 &#8211;\u00a0<\/b>Professor Homenageado, Turma 2014-2 Curso de Controladoria e Finan\u00e7as, UFMG.<\/li>\n<li class=\"layout-cell-pad-5 text-align-right\"><b>2013 &#8211;\u00a0<\/b>Professor Homenageado, Turma 2013-2 Curso de Controladoria e Finan\u00e7as, UFMG.<\/li>\n<li class=\"layout-cell-pad-5 text-align-right\"><b>2006 &#8211;\u00a0<\/b>Melhor Trabalho Cient\u00edfico no 3\u00ba ENEFIN, ENEFIN &#8211; Encontro Norte-Nordeste de Finan\u00e7as.<\/li>\n<li class=\"layout-cell-pad-5 text-align-right\"><b>2004 &#8211;\u00a0<\/b>M\u00e9rito Cient\u00edfico XV ENANGRAD: Artigo premiado como o melhor trabalho em Finan\u00e7as, ENANGRAD &#8211; Encontro Nacional dos Cursos de Gradua\u00e7\u00e3o em Administra\u00e7\u00e3o.<\/li>\n<li class=\"layout-cell-pad-5 text-align-right\"><b>1996 &#8211;\u00a0<\/b>Primeiro Lugar da Turma do Curso de Especializa\u00e7\u00e3o em Mercado de Valores: Est\u00e1gio em Institui\u00e7\u00f5es do Mercado de Valores dos Estados Unidos, CONASEV &#8211; Comiss\u00e3o Nacional Supervisora de Empresas e Valores.<\/li>\n<\/ul>\n<\/div>\n<div class=\"layout-cell layout-cell-3 text-align-right\"><\/div>\n<div class=\"layout-cell layout-cell-3 text-align-right\"><\/div>\n","protected":false},"excerpt":{"rendered":"<p>2024 &#8211; Professor Homenageado, Turma 2023-2 Curso de Controladoria e Finan\u00e7as, UFMG., FACE\/UFMG. 2024 &#8211; Bolsista de Produtividade CNPq, CNPq. 2024 &#8211; Relev\u00e2ncias ? XXXIII Semana de Inicia\u00e7\u00e3o Cient\u00edfica, UFMG https:\/\/www.ufmg.br\/prpq\/noticia\/relevancias-xxxiii-semana-de-iniciacao-cientifica\/. 2023 &#8211; Relev\u00e2ncia Acad\u00eamica da XXXII Semana de Inicia\u00e7\u00e3o Cient\u00edfica UFMG, UFMG https:\/\/www.ufmg.br\/prpq\/noticia\/relevancias-academicas-das-xxxii-semana-de-iniciacao-cientific. 2023 &#8211; Trabalho premiado no 26\u00ba Semin\u00e1rio em Administra\u00e7\u00e3o (SemeAd) da &hellip; <a href=\"https:\/\/docentes.face.ufmg.br\/raic\/premios\/\" class=\"more-link\">Continuar lendo <span class=\"screen-reader-text\">Pr\u00eamios<\/span><\/a><\/p>\n","protected":false},"author":26,"featured_media":0,"parent":0,"menu_order":0,"comment_status":"closed","ping_status":"closed","template":"","meta":{"_crdt_document":"","_exactmetrics_skip_tracking":false,"_exactmetrics_sitenote_active":false,"_exactmetrics_sitenote_note":"","_exactmetrics_sitenote_category":0,"footnotes":""},"class_list":["post-24","page","type-page","status-publish","hentry"],"_links":{"self":[{"href":"https:\/\/docentes.face.ufmg.br\/raic\/wp-json\/wp\/v2\/pages\/24","targetHints":{"allow":["GET"]}}],"collection":[{"href":"https:\/\/docentes.face.ufmg.br\/raic\/wp-json\/wp\/v2\/pages"}],"about":[{"href":"https:\/\/docentes.face.ufmg.br\/raic\/wp-json\/wp\/v2\/types\/page"}],"author":[{"embeddable":true,"href":"https:\/\/docentes.face.ufmg.br\/raic\/wp-json\/wp\/v2\/users\/26"}],"replies":[{"embeddable":true,"href":"https:\/\/docentes.face.ufmg.br\/raic\/wp-json\/wp\/v2\/comments?post=24"}],"version-history":[{"count":7,"href":"https:\/\/docentes.face.ufmg.br\/raic\/wp-json\/wp\/v2\/pages\/24\/revisions"}],"predecessor-version":[{"id":190,"href":"https:\/\/docentes.face.ufmg.br\/raic\/wp-json\/wp\/v2\/pages\/24\/revisions\/190"}],"wp:attachment":[{"href":"https:\/\/docentes.face.ufmg.br\/raic\/wp-json\/wp\/v2\/media?parent=24"}],"curies":[{"name":"wp","href":"https:\/\/api.w.org\/{rel}","templated":true}]}}