{"id":28,"date":"2016-06-09T14:40:27","date_gmt":"2016-06-09T17:40:27","guid":{"rendered":"http:\/\/docentes.face.ufmg.br\/john-doe\/?page_id=28"},"modified":"2025-04-16T17:24:18","modified_gmt":"2025-04-16T20:24:18","slug":"producao-bibliografica","status":"publish","type":"page","link":"https:\/\/docentes.face.ufmg.br\/hugo\/producao-bibliografica\/","title":{"rendered":"Produ\u00e7\u00e3o bibliogr\u00e1fica"},"content":{"rendered":"<h5>Artigos em peri\u00f3dicos acad\u00eamicos<\/h5>\n<p>PAULA, J. A.; DE DEUS, L.G.; CERQUEIRA, H.; ALBUQUERQUE, E. M..<br \/>\n<a href=\"https:\/\/EconPapers.repec.org\/RePEc:ekm:repojs:v:40:y:2020:i:1:p:100-116:id:128\" target=\"_blank\" rel=\"noopener\">New starting point(s): Marx, technological revolutions and changes in the centre-periphery divide<\/a>.<br \/>\n<em>Brazilian Journal of Political Economy<\/em>, v. 40, p. 100-116, 2020.<br \/>\n[republicado em <a href=\"https:\/\/mronline.org\/2020\/02\/24\/new-starting-points-marx-technological-revolutions-and-changes-in-the-centre-periphery-divide\/\" target=\"_blank\" rel=\"noopener\"><em>Montly Review online<\/em><\/a>]<\/p>\n<p>CERQUEIRA, H.; ALBUQUERQUE, E. M. .<br \/>\n<a href=\"https:\/\/ideas.repec.org\/a\/nov\/artigo\/v30y2020ispep1169-1198.html#download\" target=\"_blank\" rel=\"noopener\">China and the first impact of the industrial revolution: initial conditions and a falling-behind trajectory until 1949<\/a>.<br \/>\n<em>Nova Economia<\/em>, v. 30, p. 1169-1198, 2020.<\/p>\n<p>DE DEUS, L.G.; PAULA, J. A.; CERQUEIRA, H.; SUPRINYAK, C. E..<br \/>\n<a href=\"http:\/\/crpe.ruc.edu.cn\/CN\/abstract\/abstract727.shtml\" target=\"_blank\" rel=\"noopener noreferrer\">\u5efa\u6784\u4e2d\u7684\u7ecf\u6d4e\u5371\u673a\u7406\u8bba??\u9a6c\u514b\u601d\u300a\u8d44\u672c\u8bba\u300b\u8349\u7a3f\u4e0e\u5173\u4e8e1866\u5e74\u5371\u673a\u7684\u7b14\u8bb0\u672c<\/a>.<br \/>\n<em>China Review of Political Economy<\/em>, v. 9, p. 206-217, 2018.<\/p>\n<p>PAULA, J. A.; CERQUEIRA, H.; DE DEUS, L.G.; SUPRINYAK, C. E.; ALBUQUERQUE, E. M..<br \/>\n<a href=\"https:\/\/www.academia.edu\/27817098\/Investigating_Financial_Innovation_and_Stock_Exchanges._Marxs_Notebooks_on_the_crisis_of_1866_and_structural_changes_in_capitalism\" target=\"_blank\" rel=\"noopener noreferrer\">Investigating financial innovation and stock exchanges. Marx&#8217;s notebooks on the crisis of 1866 and structural changes in capitalism<\/a>.<br \/>\n<em>Beitr\u00e4ge zur Marx-Engels-Forschung<\/em>, v. 2015, p. 194-217, 2016.<\/p>\n<p>DE DEUS, L.G.; PAULA, J. A.; CERQUEIRA, H.; SUPRINYAK, C. E..<br \/>\n<a href=\"http:\/\/guilfordjournals.com\/doi\/abs\/10.1521\/siso.2016.80.4.468\" target=\"_blank\" rel=\"noopener noreferrer\">A theory in the making: Marx&#8217;s drafts of Capital and the notebooks on the crisis of 1866<\/a>.<br \/>\n<em>Science &amp; Society<\/em>, v. 80, p. 468-480, 2016.<\/p>\n<p>CERQUEIRA, H..<br \/>\n<a href=\"https:\/\/EconPapers.repec.org\/RePEc:ekm:repojs:v:35:y:2015:i:4:p:825-844:id:252\" target=\"_blank\" rel=\"noopener noreferrer\">Breve hist\u00f3ria da edi\u00e7\u00e3o cr\u00edtica das obras de Karl Marx<\/a>.<br \/>\n<em>Revista de Economia Pol\u00edtica<\/em>, v. 35 (4), p. 825-844, 2015.<\/p>\n<p>PAULA, J. A.; CERQUEIRA, H.; CUNHA, A. M.; SUPRINYAK, C. E.; DE DEUS, L. G.; ALBUQUERQUE, E. M..<br \/>\n<a href=\"http:\/\/econpapers.repec.org\/RePEc:sae:reorpe:v:45:y:2013:i:2:p:162-182\" target=\"_blank\" rel=\"noopener noreferrer\">Notes on a crisis: the Exzerpthefte and Marx&#8217;s method of research and composition<\/a>.<br \/>\n<em>The Review of Radical Political Economics<\/em>, v. 45, p. 162-182, 2013.<\/p>\n<p>CERQUEIRA, H..<br \/>\n<a href=\"http:\/\/econpapers.repec.org\/RePEc:anp:econom:v:11:y:2010:i:1:199_215\" target=\"_blank\" rel=\"noopener noreferrer\">David Riazanov e a edi\u00e7\u00e3o das obras de Marx e Engels<\/a>.<br \/>\n<em>Economia<\/em>, v. 11, p. 199-215, 2010.<\/p>\n<p>CERQUEIRA, H..<br \/>\n<a href=\"http:\/\/econpapers.repec.org\/paper\/cdptexdis\/td292.htm\" target=\"_blank\" rel=\"noopener noreferrer\">Sobre a filosofia moral de Adam Smith<\/a>.<br \/>\n<em>S\u00edntese &#8211; Revista de Filosofia<\/em>, v. 35, p. 57-86, 2008.<\/p>\n<p>PAULA, J. A.; CERQUEIRA, H.; ALBUQUERQUE, E. M..<br \/>\n<a href=\"http:\/\/econpapers.repec.org\/paper\/cdptexdis\/td160.htm\" target=\"_blank\" rel=\"noopener noreferrer\">Na\u00e7\u00f5es e estilos de economia pol\u00edtica<\/a>.<br \/>\n<em>Revista de Economia Politica<\/em>, v. 27, n. 3, p. 357-374, 2007.<\/p>\n<p>CERQUEIRA, H..<br \/>\n<a href=\"http:\/\/econpapers.repec.org\/RePEc:cdp:texdis:td263\" target=\"_blank\" rel=\"noopener noreferrer\"> Adam Smith e seu contexto: o Iluminismo escoc\u00eas<\/a>.<br \/>\n<em>Economia e Sociedade<\/em>, v. 26, p. 1-28, 2006.<\/p>\n<p>CERQUEIRA, H..<br \/>\n<a href=\"http:\/\/econpapers.repec.org\/paper\/cdptexdis\/td271.htm\" target=\"_blank\" rel=\"noopener noreferrer\">A m\u00e3o invis\u00edvel de J\u00fapiter e o m\u00e9todo newtoniano de Smith<\/a>.<br \/>\n<em>Estudos Econ\u00f4micos<\/em>, v. 36, p. 667-697, 2006.<\/p>\n<p>CERQUEIRA, H..<br \/>\n<a href=\"http:\/\/econpapers.repec.org\/RePEc:cdp:texdis:td183\" target=\"_blank\" rel=\"noopener noreferrer\">Para ler Adam Smith: novas abordagens.<\/a><br \/>\n<em>S\u00edntese &#8211; Revista de Filosofia<\/em>, v. 32, n. 103, p. 181-202, 2005.<\/p>\n<p>CERQUEIRA, H..<br \/>\n<a href=\"http:\/\/econpapers.repec.org\/RePEc:cdp:texdis:td142\" target=\"_blank\" rel=\"noopener noreferrer\">Adam Smith e o surgimento do discurso econ\u00f4mico<\/a>.<br \/>\n<em>Revista de Economia Politica<\/em>, v. 24, n. 3, p. 422-441, 2004.<\/p>\n<p>PAULA, J. A.; CERQUEIRA, H.; ALBUQUERQUE, E. M..<br \/>\n<a href=\"http:\/\/econpapers.repec.org\/RePEc:cdp:texdis:td133\" target=\"_blank\" rel=\"noopener noreferrer\">O empres\u00e1rio na teoria econ\u00f4mica<\/a>.<br \/>\n<em>Revista de Economia Politica<\/em>, v. 24, n. 4, p. 563-583, 2004.<\/p>\n<p>CERQUEIRA, H..<br \/>\n<a href=\"http:\/\/dx.doi.org\/10.15448\/1984-6746.2003.3.34812\" target=\"_blank\" rel=\"noopener noreferrer\">Ockham e o problema dos universais: um coment\u00e1rio ao argumento da Summa Logicae<\/a>.<br \/>\n<em>Veritas<\/em>, v. 48, n. 3, p. 441-454, 2003.<\/p>\n<p>PAULA, J. A.; CROCCO, M.; CERQUEIRA, H.; ALBUQUERQUE, E..<br \/>\n<a href=\"http:\/\/econpapers.repec.org\/paper\/cdptexdis\/td178.htm\" target=\"_blank\" rel=\"noopener noreferrer\">Conhecimento e interesse em economia<\/a>.<br \/>\n<em>Estudos Econ\u00f4micos<\/em>, v. 33, n. 3, p. 559-595, 2003.<\/p>\n<p>CERQUEIRA, H..<br \/>\n<a href=\"http:\/\/econpapers.repec.org\/paper\/cdptexdis\/td132.htm\" target=\"_blank\" rel=\"noopener noreferrer\">Trabalho e pol\u00edtica: Locke e o discurso econ\u00f4mico<\/a>.<br \/>\n<em>Revista de Economia Politica<\/em>, v. 22, n. 1, p. 150-169, 2002.<\/p>\n<p>CERQUEIRA, H..<br \/>\n<a href=\"http:\/\/econpapers.repec.org\/RePEc:cdp:texdis:td150\" target=\"_blank\" rel=\"noopener noreferrer\">A economia evolucionista: um cap\u00edtulo sist\u00eamico da teoria econ\u00f4mica?<\/a>.<br \/>\n<em>An\u00e1lise Econ\u00f4mica<\/em>, v. 20, n. 37, p. 55-79, 2002.<\/p>\n<p>PAULA, J. A.; CERQUEIRA, H.; ALBUQUERQUE, E. M..<br \/>\n<a href=\"http:\/\/econpapers.repec.org\/RePEc:cdp:texdis:td152\" target=\"_blank\" rel=\"noopener noreferrer\">Ci\u00eancia e tecnologia na din\u00e2mica capitalista: a elabora\u00e7\u00e3o neo-schumpeteriana e a teoria do capital<\/a>.<br \/>\n<em>Revista Ensaios (FEE)<\/em>, v. 23, n. 2, p. 825-844, 2002.<\/p>\n<p>CERQUEIRA, H..<br \/>\n<a href=\"http:\/\/econpapers.repec.org\/RePEc:cdp:texdis:td143\" target=\"_blank\" rel=\"noopener noreferrer\">O discurso econ\u00f4mico e suas condi\u00e7\u00f5es de possibilidade<\/a>.<br \/>\n<em>S\u00edntese &#8211; Revista de Filosofia<\/em>, v. 28, n. 92, p. 391-405, 2001.<\/p>\n<p>PAULA, J. A.; CERQUEIRA, H.; ALBUQUERQUE, E. M..<br \/>\n<a href=\"http:\/\/econpapers.repec.org\/paper\/cdptexdis\/td179.htm\" target=\"_blank\" rel=\"noopener noreferrer\">Finance and industrial evolution: introductory notes on a key relationship for the capitalist accumulation<\/a>.<br \/>\n<em>Econ\u00f4mica<\/em>, v. 3, n. 1, p. 5-33, 2001.<\/p>\n<p>PAULA, J. A.; CERQUEIRA, H.; ALBUQUERQUE, E. M..<br \/>\n<a href=\"http:\/\/www.revistas.usp.br\/ee\/article\/view\/117652\/115331\" target=\"_blank\" rel=\"noopener noreferrer\">Trabalho e conhecimento: li\u00e7\u00f5es de cl\u00e1ssicos para a an\u00e1lise do capitalismo contempor\u00e2neo.<\/a><br \/>\n<em>Estudos Econ\u00f4micos<\/em>, v. 30, n. 3, p. 419-445, 2000.<\/p>\n<p>CERQUEIRA, H.; AMORIM, W. A. C..<br \/>\n<a href=\"http:\/\/econpapers.repec.org\/paper\/cdptexdis\/td096.htm\" target=\"_blank\" rel=\"noopener noreferrer\">Evolu\u00e7\u00e3o e caracter\u00edsticas do emprego no setor banc\u00e1rio<\/a>.<br \/>\n<em>Revista de Economia Politica<\/em>, v. 18, n. 1, p. 141-157, 1998.<\/p>\n<p>CERQUEIRA, H.; SIM\u00d5ES, R. F..<br \/>\n<a href=\"http:\/\/www.variahistoria.org\/s\/23_Cerqueira-e-Simes.pdf\" target=\"_blank\" rel=\"noopener noreferrer\">Moderniza\u00e7\u00e3o e diferencia\u00e7\u00e3o econ\u00f4mica em Belo Horizonte<\/a>.<br \/>\n<em>Varia Hist\u00f3ria<\/em>, v. 18, p. 443-463, 1997.<\/p>\n<h5>LIVRO<\/h5>\n<p><span class=\"transform\">PAULA, J. A.; CERQUEIRA, H.; DE DEUS, L.G.; ALBUQUERQUE, E. M. (org.).<br \/>\n<a href=\"https:\/\/doi.org\/10.1007\/978-3-031-22011-1\" target=\"_blank\" rel=\"noopener\"><em>Marx for the 21st Century<\/em>: Reevaluating Marx&#8217;s Critique of Political Economy<\/a>. Palgrave Macmillan, 2025.<br \/>\n<\/span><\/p>\n<h5>CAP\u00cdTULOS DE LIVROS<\/h5>\n<p>CERQUEIRA, H..<br \/>\n<a href=\"https:\/\/doi.org\/10.1007\/978-3-031-22011-1_1\" target=\"_blank\" rel=\"noopener\">A Brief History of the Critical Edition of the Works of Karl Marx<\/a>.<br \/>\nIn: Jo\u00e3o Antonio de Paula; Hugo da Gama Cerqueira; Leonardo Gomes de Deus; Eduardo da Motta e Albuquerque (org.). <em>Marx for the 21st Century<\/em>.<br \/>\nSpringer Nature Switzerland, 2025, p. 1-26.<\/p>\n<p>CUNHA, A. M.; SUPRINYAK, C. E.; CERQUEIRA, H.; ALBUQUERQUE, E. M.; DE DEUS, L. G.; DE PAULA, J. A..<br \/>\n<a href=\"https:\/\/doi.org\/10.1007\/978-3-031-22011-1_3\" target=\"_blank\" rel=\"noopener\">Notes on a Crisis: The Exzerpthefte and Marx&#8217;s Method of Research and Composition<\/a>.<br \/>\nIn: Jo\u00e3o Antonio de Paula; Hugo da Gama Cerqueira; Leonardo Gomes de Deus; Eduardo da Motta e Albuquerque (org.). <em>Marx for the 21st Century<\/em>.<br \/>\nSpringer Nature Switzerland, 2025, p. 71-101.<\/p>\n<p>SUPRINYAK, C. E.; CERQUEIRA, H.; ALBUQUERQUE, E. M.; DE DEUS, L. G.; DE PAULA, J. A..<br \/>\n<a href=\"https:\/\/doi.org\/10.1007\/978-3-031-22011-1_4\" target=\"_blank\" rel=\"noopener\">Investigating Financial Innovation and Stock Exchanges: Marx, the Notebooks on the Crisis of 1866 and Structural Changes in Capitalism<\/a>.<br \/>\nIn: Jo\u00e3o Antonio de Paula; Hugo da Gama Cerqueira; Leonardo Gomes de Deus; Eduardo da Motta e Albuquerque (org.). <em>Marx for the 21st Century.<br \/>\n<\/em>Springer Nature Switzerland, 2025, p. 103-129.<\/p>\n<p>CERQUEIRA, H.; ALBUQUERQUE, E. M.; DE DEUS, L. G.; DE PAULA, J. A..<br \/>\n<a href=\"https:\/\/doi.org\/10.1007\/978-3-031-22011-1_6\" target=\"_blank\" rel=\"noopener\">New Starting Point(s): Marx, Technological Revolutions and Changes in the Center-Periphery Divide<\/a>. In: Jo\u00e3o Antonio de Paula; Hugo da Gama Cerqueira; Leonardo Gomes de Deus; Eduardo da Motta e Albuquerque (org.). Marx for the 21st Century.<br \/>\nSpringer Nature Switzerland, 2025, p. 159-181.<\/p>\n<p>CERQUEIRA, H.<br \/>\n<a href=\"https:\/\/ideas.repec.org\/h\/cdp\/scitec\/cap001.html#download\" target=\"_blank\" rel=\"noopener\">A economia evolucionista: um cap\u00edtulo sist\u00eamico da teoria econ\u00f4mica<\/a>.<br \/>\nIn: M\u00e1rcia Siqueira Rapini; Janaina Ruffoni; Leandro Alves Silva; Eduardo da Motta e Albuquerque (org.). <em>Economia da ci\u00eancia, tecnologia e inova\u00e7\u00e3o: fundamentos te\u00f3ricos e a economia global.<\/em><br \/>\nBelo Horizonte: FACE-UFMG, 2021, p. 33-51.<\/p>\n<p>PAULA, J. A.; CERQUEIRA, H..<br \/>\n<a href=\"http:\/\/d.repec.org\/n?u=RePEc:cdp:texdis:td469\" target=\"_blank\" rel=\"noopener\">Isaac I. Rubin e sua hist\u00f3ria do pensamento econ\u00f4mico<\/a>.<br \/>\nIn: Isaac Rubin. <em>Hist\u00f3ria do pensamento econ\u00f4mico<\/em><br \/>\nRio de Janeiro: Editora UFRJ, 2014, p. 11-24.<\/p>\n<p>CERQUEIRA, H.<br \/>\nSobre a filosofia moral de Adam Smith.<br \/>\nIn: Angela Ganem; Fabio Freitas; Maria Mello de Malta. (org.). <em>Economia e filosofia: controv\u00e9rsias e tend\u00eancias recentes<\/em>.<br \/>\nRio de Janeiro: Editora UFRJ, 2012, p. 53-84.<\/p>\n<p>CERQUEIRA, H..<br \/>\nDavid Riazanov e a edi\u00e7\u00e3o das obras de Marx e Engels.<br \/>\nIn: Jo\u00e3o Antonio de Paula (org.). <em>Ensaio geral: Marx e a cr\u00edtica da economia pol\u00edtica (1857-1858)<\/em>.<br \/>\nBelo Horizonte: Aut\u00eantica, 2010, p. 13-32.<\/p>\n<p>CERQUEIRA, H..<br \/>\nRadiografia da moralidade.<br \/>\nIn: Alicia Ivanissevich; Antonio Augusto Passos Videira (org.). <em>Ci\u00eancias humanas: fatos que mudaram nossa forma de ver o ser humano<\/em>.<br \/>\nRio de Janeiro: Instituto Ci\u00eancia Hoje, 2010, v. 3, p. 75-79.<\/p>\n<p>ALBUQUERQUE, E. M.; PAULA, J. A.; CERQUEIRA, H..<br \/>\n<a href=\"http:\/\/www.bdmg.mg.gov.br\/comoAtuamos\/Documents\/estudos_e_publicacoes\/Minas%20Gerais%20do%20seculo%2021\/vol_07_completo.pdf\" target=\"_blank\" rel=\"noopener noreferrer\"> Inova\u00e7\u00e3o tecnol\u00f3gica e desenvolvimento<\/a>.<br \/>\nIn: Banco de Desenvolvimento de Minas Gerais (org.). <em>Minas Gerais do S\u00e9culo XXI<\/em>.<br \/>\nBelo Horizonte, 2002, v. 7, p. 65-172.<\/p>\n<p>CERQUEIRA, H..<br \/>\nFator popula\u00e7\u00e3o\/trabalho.<br \/>\nIn: Carlos An\u00edbal Nogueira Costa; Carlos Alberto Arruda (org.). <em>Estudo sobre o Brasil na competitividade mundial: an\u00e1lise comparativa Brasil, Argentina e Chile 1997<\/em>.<br \/>\nBelo Horizonte, 1998, p. 97-111.<\/p>\n<p>CERQUEIRA, H.; AMORIM, W. A. C..<br \/>\nEvolu\u00e7\u00e3o e caracter\u00edsticas do emprego no setor banc\u00e1rio.<br \/>\nIn: Liana Carleial; Rog\u00e9rio Valle. (org.). <em>Reestrutura\u00e7\u00e3o produtiva e mercado de trabalho no Brasil<\/em>. S\u00e3o Paulo, 1997, p. 399-418.<\/p>\n","protected":false},"excerpt":{"rendered":"<p>Artigos em peri\u00f3dicos acad\u00eamicos PAULA, J. A.; DE DEUS, L.G.; CERQUEIRA, H.; ALBUQUERQUE, E. M.. New starting point(s): Marx, technological revolutions and changes in the centre-periphery divide. Brazilian Journal of Political Economy, v. 40, p. 100-116, 2020. [republicado em Montly Review online] CERQUEIRA, H.; ALBUQUERQUE, E. M. . China and the first impact of the &hellip; <a href=\"https:\/\/docentes.face.ufmg.br\/hugo\/producao-bibliografica\/\" class=\"more-link\">Continuar lendo <span class=\"screen-reader-text\">Produ\u00e7\u00e3o bibliogr\u00e1fica<\/span><\/a><\/p>\n","protected":false},"author":21,"featured_media":0,"parent":0,"menu_order":0,"comment_status":"closed","ping_status":"closed","template":"","meta":{"_crdt_document":"","_exactmetrics_skip_tracking":false,"_exactmetrics_sitenote_active":false,"_exactmetrics_sitenote_note":"","_exactmetrics_sitenote_category":0,"footnotes":""},"class_list":["post-28","page","type-page","status-publish","hentry"],"_links":{"self":[{"href":"https:\/\/docentes.face.ufmg.br\/hugo\/wp-json\/wp\/v2\/pages\/28","targetHints":{"allow":["GET"]}}],"collection":[{"href":"https:\/\/docentes.face.ufmg.br\/hugo\/wp-json\/wp\/v2\/pages"}],"about":[{"href":"https:\/\/docentes.face.ufmg.br\/hugo\/wp-json\/wp\/v2\/types\/page"}],"author":[{"embeddable":true,"href":"https:\/\/docentes.face.ufmg.br\/hugo\/wp-json\/wp\/v2\/users\/21"}],"replies":[{"embeddable":true,"href":"https:\/\/docentes.face.ufmg.br\/hugo\/wp-json\/wp\/v2\/comments?post=28"}],"version-history":[{"count":28,"href":"https:\/\/docentes.face.ufmg.br\/hugo\/wp-json\/wp\/v2\/pages\/28\/revisions"}],"predecessor-version":[{"id":752,"href":"https:\/\/docentes.face.ufmg.br\/hugo\/wp-json\/wp\/v2\/pages\/28\/revisions\/752"}],"wp:attachment":[{"href":"https:\/\/docentes.face.ufmg.br\/hugo\/wp-json\/wp\/v2\/media?parent=28"}],"curies":[{"name":"wp","href":"https:\/\/api.w.org\/{rel}","templated":true}]}}