{"id":28,"date":"2016-06-09T14:40:27","date_gmt":"2016-06-09T17:40:27","guid":{"rendered":"http:\/\/docentes.face.ufmg.br\/john-doe\/?page_id=28"},"modified":"2026-02-25T16:51:48","modified_gmt":"2026-02-25T19:51:48","slug":"producao-bibliografica","status":"publish","type":"page","link":"https:\/\/docentes.face.ufmg.br\/gpzapata\/producao-bibliografica\/","title":{"rendered":"Publications"},"content":{"rendered":"\n<p class=\"wp-block-paragraph\"><strong>PAPERS<\/strong><\/p>\n\n\n\n<p class=\"wp-block-paragraph\"><strong>Zapata, G.P. <\/strong>(2025). <a href=\"https:\/\/www.tandfonline.com\/eprint\/HHXGWM3NYPDPENV7VKXM\/full?target=10.1080\/15562948.2025.2588147\" target=\"_blank\" rel=\"noopener\">Governing Migration through Humanitarianism: Emerging Trends in Latin America<\/a>. <em>Journal of Immigrant &amp; Refugee Studies, <\/em>1-19.<a href=\"https:\/\/www.tandfonline.com\/eprint\/HHXGWM3NYPDPENV7VKXM\/full?target=10.1080\/15562948.2025.2588147\" target=\"_blank\" rel=\"noopener\"> https:\/\/doi.org\/10.1080\/15562948.2025.2588147&nbsp;<\/a><\/p>\n\n\n\n<p class=\"wp-block-paragraph\">Restrepo Pineda, J. E., Bedoya D\u00edaz, H. A., <strong>Zapata, G<\/strong>.<strong>P.<\/strong> y Aliaga S\u00e1ez, F. A. (2025). <a href=\"https:\/\/revistas.unal.edu.co\/index.php\/recs\/article\/view\/110688\/95746\" target=\"_blank\" rel=\"noopener\">Condiciones de entrada y permanencia del mercado laboral informal de los inmigrantes venezolanos en Colombia<\/a>. <em>Revista Colombiana de Sociolog\u00eda<\/em>, 48(1), 285-311.<\/p>\n\n\n\n<p class=\"wp-block-paragraph\"><strong>Zapata, G.P<\/strong>, Jorgensen, N., Guedes, G.R., Oliveira, A., Barbieri, A.F. (2024). <a href=\"https:\/\/www.scielo.br\/j\/rbepop\/a\/FWJFChprdFdKVXBcRGK5sCn\/?format=pdf&amp;lang=en\" target=\"_blank\" rel=\"noopener\">\u201cI\u2019m giving up on Brazil\u201d: shifting migration aspirations and capabilities in the face of simultaneous crises<\/a>. <em>Revista Brasileira de Estudos de Popula\u00e7\u00e3o<\/em>, v.41, 1-28, e0275.<\/p>\n\n\n\n<p class=\"wp-block-paragraph\">Castro, F.R., <strong>Zapata, G.P.<\/strong> &amp; Vera Espinoza, M. (2024). <a href=\"https:\/\/www.tandfonline.com\/doi\/full\/10.1080\/01436597.2024.2394120#abstract\" target=\"_blank\" rel=\"noopener\">Migrants&#8217; entangled socio-political and biological lives during the COVID-19 emergency in Brazil<\/a>. <em>Third World Quarterly<\/em>. <a href=\"https:\/\/doi.org\/10.1080\/01436597.2024.2394120\">https:\/\/doi.org\/10.1080\/01436597.2024.2394120&nbsp;<\/a><\/p>\n\n\n\n<p class=\"wp-block-paragraph\"><strong>Zapata, G.P.,<\/strong> Gandini, L., Vera Espinoza, M. &amp; Prieto Rosas, V. (2023). <a href=\"https:\/\/www.tandfonline.com\/doi\/epdf\/10.1080\/15562948.2022.2163521?needAccess=true\" target=\"_blank\" rel=\"noopener\">Weakening Practices amidst Progressive Laws: Refugee Governance in Latin America during COVID-19<\/a>.<em> Journal of Immigrant and Refugee Studies, <\/em>21(4)<em>. <\/em>https:\/\/doi.org\/10.1080\/15562948.2022.2163521&nbsp;<\/p>\n\n\n\n<p class=\"wp-block-paragraph\">Moulin, C. &amp; <strong>Zapata, G.P.<\/strong> (2023). <a class=\"gsc_oci_title_link\" href=\"https:\/\/sumario-periodicos.espm.br\/xxi\/article\/view\/217\" target=\"_blank\" rel=\"noopener\" data-clk=\"hl=en&amp;sa=T&amp;ei=2vqBad66Ea2AieoPkavj6QY\">Pandemia e circula\u00e7\u00f5es: reflex\u00f5es sobre fronteiras, migra\u00e7\u00f5es internacionais e a Covid-19<\/a>. S<em>\u00e9culo XXI: Revista de Rela\u00e7\u00f5es Internacionais &#8211; ESPM<\/em>. 14 (2), 4-27.<\/p>\n\n\n\n<p class=\"wp-block-paragraph\">Figuereido, H.M., <strong>Zapata, G.P.<\/strong> &amp; Guedes, G.R. (2023). <a href=\"https:\/\/repositorio.cepal.org\/server\/api\/core\/bitstreams\/5f25be46-ff22-4631-bcf4-1a558eb03456\/content\" target=\"_blank\" rel=\"noopener\">El efecto del denominado \u201csesgo del salm\u00f3n\u201d en la migraci\u00f3n de retorno, \u00bfdepende del contexto? Datos sobre los migrantes colombianos en los Estados Unidos y Espa\u00f1a, 2008-2015<\/a>. <em>Notas de Poblacio\u0301n, <\/em>50 (116), 53-75.&nbsp;<\/p>\n\n\n\n<p class=\"wp-block-paragraph\">Cebola, T., Barbieri, A. F., &amp; <strong>Zapata, G. P.<\/strong> (2022). <a href=\"https:\/\/www.scielo.br\/j\/rbepop\/a\/Zg3zCRVQ7W8tt5DpzRWZqxj\/\" target=\"_blank\" rel=\"noopener\">Migra\u00e7\u00f5es sul-sul: a recente onda de imigrantes zimbabweanos em Tete \u2013 Mo\u00e7ambique (2007-2016)<\/a>. <i>Revista Brasileira de Estudos de Populac\u0327a\u0303o<\/i>, 39, 1\u201326.<\/p>\n\n\n\n<p class=\"wp-block-paragraph\">Vera Espinoza, M., Prieto Rosas, V., <strong>Zapata, G.P.<\/strong>, Gandini, L., Fern\u00e1ndez de la Reguera, A., Herrera, G., L\u00f3pez, S., Zamora, C., Blouin, C., Montiel, C., Cabezas, G., Palla, I. (2021). <a href=\"https:\/\/comparativemigrationstudies.springeropen.com\/articles\/10.1186\/s40878-021-00265-x\" target=\"_blank\" rel=\"noopener\">Towards a typology of social protection for migrants and refugees in Latin America during the COVID-19 pandemic<\/a>. <em>Comparative Migration Studies, <\/em>9 (52).&nbsp;<\/p>\n\n\n\n<p class=\"wp-block-paragraph\"><strong>Zapata, G. P. <\/strong>(2021). <a href=\"https:\/\/journals.sagepub.com\/doi\/abs\/10.1177\/0308518X211045396\" target=\"_blank\" rel=\"noopener\">Diaspora engagement policies and transnational financialisation in Colombia<\/a>. <em>Environment and Planning A: Economy and Space, <\/em>54(4), 722\u2013743.<\/p>\n\n\n\n<p class=\"wp-block-paragraph\"><strong>Zapata, G. P. <\/strong>&amp; Tapia Wenderoth, V. (2021). <span style=\"color: #000000\"><a style=\"color: #000000\" href=\"http:\/\/doi.org\/10.1111\/imig.12902\" target=\"_blank\" rel=\"noopener\">Progressive Legislation but Lukewarm Policies: The Brazilian Response to Venezuelan Displacement.<\/a><\/span> <em>International Migration, <\/em>60 (1), 132-151.&nbsp;<\/p>\n\n\n\n<p class=\"wp-block-paragraph\"><strong>Zapata, G. P.<\/strong>&nbsp;&amp; Prieto Rosas, V. (2020). <a href=\"https:\/\/onlinelibrary.wiley.com\/doi\/full\/10.1111\/blar.13181\" target=\"_blank\" rel=\"noopener\">Structural and Contingent Inequalities: The Impact of COVID-19 on Migrant and Refugee Populations in South America. <\/a><i>Bulletin of Latin American Research, <\/i>39(S1), 16\u201322.<\/p>\n\n\n\n<p class=\"wp-block-paragraph\">Jorgensen, N.; Barbieri, A.F.; Guedes, G.R.;&nbsp;<strong>Zapata, G.P. <\/strong>(2019). <a href=\"https:\/\/doi.org\/10.1080\/1369183X.2019.1707646\" target=\"_blank\" rel=\"noopener noreferrer\">International migration and household living arrangements among transnational families in Brazil<\/a>. <em>Journal of Ethnic and Migration Studies<\/em>, <span class=\"volume_issue\">47(19),<\/span>&nbsp;<span class=\"page_range\">4386-4404<\/span>.&nbsp;<\/p>\n\n\n\n<p class=\"wp-block-paragraph\"><strong>Zapata, G.P. <\/strong>(2019). <a href=\"https:\/\/www.cepal.org\/es\/publicaciones\/44680-epicentros-emigracion-un-analisis-comparativo-la-evolucion-sus-dinamicas\" target=\"_blank\" rel=\"noopener noreferrer\">Epicentros de emigraci\u00f3n: un an\u00e1lisis comparativo de la evoluci\u00f3n de sus din\u00e1micas socioecon\u00f3micas y demogr\u00e1ficas en Colombia y el Brasil.<\/a> <em>Notas de Poblaci\u00f3n<\/em>, 108, 133-165.<\/p>\n\n\n\n<p class=\"wp-block-paragraph\"><strong>Zapata, G.P.<\/strong> (2019). <a href=\"https:\/\/doi.org\/10.1111\/imig.12474\" target=\"_blank\" rel=\"noopener noreferrer\">Invisible Development? Remittances and Livelihood Strategies among Transnational Migrant Households in Colombia<\/a>. <em>International Migration, <\/em>57(4), 21-39.<\/p>\n\n\n\n<p class=\"wp-block-paragraph\"><strong>Zapata, G.P.<\/strong>&amp; Guedes, G.R. (2019). <a href=\"http:\/\/www.niussp.org\/article\/population-mobility-in-the-twenty-first-century-trends-conflicts-and-policiesmobilite-de-la-population-au-xxie-siecle-tendances-conflits-et-politiques\/\" target=\"_blank\" rel=\"noopener noreferrer\">Population mobility in the twenty-first century: trends, conflicts, and policies<\/a>. <em>N-IUSSP<\/em>, International Union for the Scientific Study of Population (IUSSP), Paris.<\/p>\n\n\n\n<p class=\"wp-block-paragraph\"><strong>Zapata, G.P. <\/strong>&amp; Fazito, D. (2018). <a href=\"https:\/\/www.ufmg.br\/revistaufmg\/downloads\/25\/Revista_UFMG_25_p224-243.pdf\" target=\"_blank\" rel=\"noopener noreferrer\">O significado da Nova Lei de Migrac\u0327a\u0303o 13.445\/17 no contexto histo\u0301rico da mobilidade humana no Brasil<\/a>. <em>Revista da Universidade Federal de Minas Gerais<\/em>, 25, 224-237.<\/p>\n\n\n\n<p class=\"wp-block-paragraph\"><strong>Zapata, G.P.<\/strong> (2018). <a href=\"https:\/\/doi.org\/10.1080\/02673037.2017.1344956\" target=\"_blank\" rel=\"noopener noreferrer\">Transnational migration, remittances and the financialization of housing in Colombia<\/a>. <em>Housing Studies<\/em>, 33(3), 343 \u2013 360.<\/p>\n\n\n\n<p class=\"wp-block-paragraph\"><strong>Zapata, G.P<\/strong>.; Guedes, G. R. (2017). <a href=\"http:\/\/www.scielo.br\/scielo.php?script=sci_arttext&amp;pid=S0102-30982017000100005\" target=\"_blank\" rel=\"noopener noreferrer\">Ref\u00fagio e modalidades de deslocamentos populacionais no s\u00e9culo XXI: tend\u00eancias, conflitos e pol\u00edticas<\/a>. <em>Revista Brasileira de Estudos de Popula\u00e7\u00e3o<\/em>, 34(1), 5 \u2013 13.<\/p>\n\n\n\n<p class=\"wp-block-paragraph\"><strong>Zapata, G.P.<\/strong> (2016). <a href=\"https:\/\/revistas.uexternado.edu.co\/index.php\/oasis\/article\/view\/4528\" target=\"_blank\" rel=\"noopener noreferrer\">El nexo migraci\u00f3n-desarrollo y la econom\u00eda pol\u00edtica de la vivienda en Am\u00e9rica Latina<\/a>. <em>Revista Oasis<\/em> (Universidad Externado de Colombia), 23, 123 \u2013 144.<\/p>\n\n\n\n<p class=\"wp-block-paragraph\">Aleixo, B.; Rezende, S.C.; Pena, J.L.;&nbsp;<strong>Zapata, G.P.<\/strong>; Heller, L. (2016). <a href=\"http:\/\/www.scielo.br\/scielo.php?script=sci_arttext&amp;pid=S1414-753X2016000100005\" target=\"_blank\" rel=\"noopener noreferrer\">Human Right in Perspective: Inequalities in Access to Water in a Rural Community of the Brazilian Northeast<\/a>. <em>Ambiente &amp; Sociedade<\/em> (Online), 19, 63-84.<\/p>\n\n\n\n<p class=\"wp-block-paragraph\"><strong>Zapata, G.P.<\/strong> (2013). <a href=\"https:\/\/doi.org\/10.1016\/j.geoforum.2013.03.010\" target=\"_blank\" rel=\"noopener noreferrer\">The Migration-Development Nexus: Rendering Migrants as Transnational Financial Subjects through Housing<\/a>. <em>Geoforum<\/em>, 47, 93-102.<\/p>\n\n\n\n<p class=\"wp-block-paragraph\"><strong>Zapata, G.P.<\/strong> (2012). <a href=\"https:\/\/doi.org\/10.1002\/jid.2834\" target=\"_blank\" rel=\"noopener noreferrer\">Book Review: Kelegama, S. (ed.). 2011. Migration, Remittances and Development in South Asia<\/a> (New Delhi: Sage, pp. 346). <em>Journal of International<\/em> <em>Development<\/em>, 24, 950-951.<\/p>\n\n\n\n<p class=\"wp-block-paragraph\">Burgoine, T.; Hopkins, P.;&nbsp;Rech, M. F.; <strong>Zapata, G.P<\/strong>&nbsp; (2011). <a href=\"https:\/\/www.jstor.org\/stable\/41406030\" target=\"_blank\" rel=\"noopener noreferrer\">These kids can\u2019t write abstracts: reflections on a postgraduate writing and publishing workshop<\/a>. <em>Area<\/em> (London 1969), 43, 463-469.<\/p>\n\n\n\n<p class=\"wp-block-paragraph\"><strong>BOOKS<\/strong><\/p>\n\n\n\n<p class=\"wp-block-paragraph\"><strong>Zapata, G.P.,<\/strong> Vera Espinoza, M. &amp; Gandini, L. (Eds) (2022). <a href=\"https:\/\/www.caminaramericas.org\/_files\/ugd\/e0ec2b_cea8d66a8fd94a4a9a4444cb798a0502.pdf\" target=\"_blank\" rel=\"noopener\">Movilidades y COVID-19 en Am\u00e9rica Latina: inclusiones y exclusiones en tiempos de &#8220;crisis&#8221;<\/a>. Ciudad de M\u00e9xico: Universidad Nacional Aut\u00f3noma de M\u00e9xico, Secretar\u00eda de Desarrollo Institucional.&nbsp;<\/p>\n\n\n\n<p class=\"wp-block-paragraph\"><strong>BOOK CHAPTERS<\/strong><\/p>\n\n\n\n<p class=\"wp-block-paragraph\"><span class=\"contributors\">Moulin, C. &amp; <strong>Zapata, G.P. <\/strong>(2025). <\/span><span class=\"mainTitle\">&#8216;<a href=\"https:\/\/doi.org\/10.1093\/oxfordhb\/9780197775417.013.0015\" target=\"_blank\" rel=\"noopener\">Beyond Regularity: Gendered Inequalities in South American Migrant Integration<\/a>&#8216; I<\/span><span class=\"editors\">n G\u00f6kce Yurdakul, and others (eds)<\/span>,&nbsp;<span class=\"mainTitle\"><em class=\"inner\">The Oxford Handbook of Intersectional Approaches to Migration, Gender, and Sexuality<\/em><\/span>&nbsp;(<span class=\"online-edition\">online edn,&nbsp;<\/span><span class=\"containing-site\">Oxford Academic).<\/span><\/p>\n\n\n\n<p class=\"p1 wp-block-paragraph\">Vera Espinoza, M.; Gandini, L.; Penchazadeh, A.P.; Jarochinski,&nbsp; J.C.; Nicolao, J.; Prieto Rosas, V.; Reyes Mu\u00f1oz, V.; <strong>Zapata, G.P.<\/strong>; Fern\u00e1ndez de la Reguera, A.; Montiel, C.; Debandi, N.; S\u00e1nchez, C.; Herrera, G.; Gatica, G.; Bengochea, J.; Franco, M. &amp; Carranza, N. (2025). <span style=\"text-decoration: underline\">Regularizaci\u00f3n migratoria venezolana en Am\u00e9rica Latina: oportunidades y desaf\u00edos de la gobernanza multinivel en la \u00faltima d\u00e9cada<\/span>.&nbsp;Cuadernillos sobre Movilidad Humana de la Red Acad\u00e9mica del Proceso de Quito (RAP):&nbsp;Gobernanza Migratoria e Integraci\u00f3n: Desaf\u00edos en un Contexto Din\u00e1mico.<\/p>\n\n\n\n<p class=\"wp-block-paragraph\">Prieto Rosas, V. &amp; <strong>Zapata, G.P.<\/strong> (2024). \u201c<a href=\"https:\/\/doi.org\/10.1007\/978-3-031-39814-8_12\" target=\"_blank\" rel=\"noopener\">Unequal Origins to Unequal Destinations: Trends and Characteristics of Migrants&#8217; Social and Economic Inclusion in South America<\/a>\u201d In: Crawley, H. &amp; Teye, J.K. (Eds), <em>The Palgrave&nbsp;Handbook of South-South Migration and Inequality,&nbsp;<\/em>London: Palgrave Macmillan. https:\/\/doi.org\/10.1007\/978-3-031-39814-8_12<\/p>\n\n\n\n<p class=\"wp-block-paragraph\"><strong>Zapata, G.P.<\/strong> &amp; Moulin, C. (2022). Discriminaci\u00f3n por omisi\u00f3n: Din\u00e1micas de in\/exclusi\u00f3n social de la poblaci\u00f3n migrante y refugiada en Brasil en tiempos de pandemia. In G.P. Zapata, M. Vera Espinoza &amp; L. Gandini (Eds), <em>Movilidades y COVID-19 en Am\u00e9rica Latina: inclusiones y exclusiones en tiempos de &#8220;crisis&#8221;<\/em>. Ciudad de M\u00e9xico: Universidad Nacional Aut\u00f3noma de M\u00e9xico, Secretar\u00eda de Desarrollo Institucional.&nbsp;<\/p>\n\n\n\n<p class=\"wp-block-paragraph\">Gandini, L., Vera Espinoza, M. &amp; <strong>Zapata, G.P.<\/strong> (2022). <a href=\"https:\/\/www.caminaramericas.org\/_files\/ugd\/e0ec2b_cea8d66a8fd94a4a9a4444cb798a0502.pdf\" target=\"_blank\" rel=\"noopener\">Movilidades y &#8216;crisis&#8217; en Am\u00e9rica Latina: brechas en las pol\u00edticas de inclusi\u00f3n social antes y durante la pandemia<\/a>. In G.P. Zapata, M. Vera Espinoza &amp; L. Gandini (Eds), <em>Movilidades y COVID-19 en Am\u00e9rica Latina: inclusiones y exclusiones en tiempos de &#8220;crisis&#8221;<\/em>. Ciudad de M\u00e9xico: Universidad Nacional Aut\u00f3noma de M\u00e9xico, Secretar\u00eda de Desarrollo Institucional.&nbsp;<\/p>\n\n\n\n<p class=\"wp-block-paragraph\">Vera Espinoza, M. Gandini, L., &amp; <strong>Zapata, G.P.<\/strong> (2022). <a href=\"https:\/\/www.caminaramericas.org\/_files\/ugd\/e0ec2b_cea8d66a8fd94a4a9a4444cb798a0502.pdf\" target=\"_blank\" rel=\"noopener\">Inclusi\u00f3n de personas migrantes en Am\u00e9rica Latina: una agenda pendiente y emergente<\/a>. In G.P. Zapata, M. Vera Espinoza &amp; L. Gandini (Eds), <em>Movilidades y COVID-19 en Am\u00e9rica Latina: inclusiones y exclusiones en tiempos de &#8220;crisis&#8221;<\/em>. Ciudad de M\u00e9xico: Universidad Nacional Aut\u00f3noma de M\u00e9xico, Secretar\u00eda de Desarrollo Institucional.&nbsp;<\/p>\n\n\n\n<p class=\"wp-block-paragraph\"><strong>Zapata, G.P.<\/strong> &amp; Moulin, C. (2022). <span style=\"font-size: revert\"><a href=\"https:\/\/cedeplar.ufmg.br\/wp-content\/uploads\/2022\/11\/Crise-pandemia-alternativas_SL.pdf\" target=\"_blank\" rel=\"noopener\">(Des)continuidades pand\u00eamicas no Brasil e no mundo: fronteiras, migra\u00e7\u00f5es internacionais e a Covid-19<\/a>. In <\/span><span style=\"font-size: revert\">E. da Motta e Albuquerque, F. Jayme Jr. and G. Britto (Organizadores), <em>Crise, pandemia e alternativas. <\/em>Centro de Desenvolvimento e Planejamento Regional (CEDEPLAR). <\/span><span style=\"font-size: revert\">Belo <\/span><span style=\"font-size: revert\">Horizonte: FACE\/UFMG.&nbsp;<\/span><\/p>\n\n\n\n<p class=\"wp-block-paragraph\">Queiroz, V. &amp; <strong>Zapata, G. P<\/strong>. (2022). <a href=\"https:\/\/infosanbas.org.br\/download\/caderno-de-notas-tecnicas-saneamento-e-suas-interfaces-experiencias-e-elucidacoes-para-a-implantacao-participativa-e-inovadora-dos-planos-municipais-de-saneamento-basico\/\" target=\"_blank\" rel=\"noopener\">Experi\u00eancias e desafios da regula\u00e7\u00e3o nos Planos Municipais de Saneamento B\u00e1sico<\/a>. En <em>Cadernos de Notas T\u00e9cnicas: saneamento e suas interfaces &#8211; experi\u00eancias e elucida\u00e7\u00f5es para a implanta\u00e7\u00e3o participativa e inovadora dos Planos Municipais de Saneamento B\u00e1sico<\/em> \/ [organiza\u00e7\u00e3o Uende Aparecida Figueiredo Gomes, Jo\u00e3o Luiz Pena, Josiane T. Matos de Queiroz]. &#8212; Belo Horizonte, MG : Projeto SanBas. ISBN: 978-65-997733-1-0<\/p>\n\n\n\n<p class=\"wp-block-paragraph\">Bengochea, J., G. Cabezas, L. Gandini, G. Herrera, M. Luzes, C. Montiel, V. Prieto, M. Vera Espinoza, and <strong>G. P. Zapata<\/strong> (2021). <u>COVID-19 y Poblaci\u00f3n Migrante y Refugiada<\/u><u>: An\u00e1lisis de <\/u><u>las Respuestas Pol\u00edtico-Institucionales <\/u><u>en Ciudades<\/u><u>.<\/u> In &nbsp;F. Vera and V. Adler., <em>I<\/em><em>nmigrando: Fortalecer ciudades destino, Vol. 2<\/em>. Buenos Aires: Banco Interamericano de Desarrollo (BID).<\/p>\n\n\n\n<p class=\"wp-block-paragraph\">Cimini, F., <strong>Zapata, G. P.<\/strong>, Juli\u00e3o, N., Souza, A., &amp; Cabral, N. (2020). <a href=\"https:\/\/www.repositorio.ufal.br\/jspui\/handle\/123456789\/8929\" target=\"_blank\" rel=\"noopener\">Managing uncertainty with fragile institutions: comparatively assessing responses to Covid-19 in Latin America<\/a>. In L. Santana &amp; E. O. Nascimento (Eds.), <em>Governos e enfrentamento da Covid-19<\/em> (pp. 80\u201394). EDUFAL.<\/p>\n\n\n\n<p class=\"wp-block-paragraph\"><strong>Zapata, G.P.<\/strong> &amp; Prieto Rosas, V. (2020). <a href=\"https:\/\/lac.unfpa.org\/es\/publications\/la-implementaci%C3%B3n-del-consenso-de-montevideo-sobre-poblaci%C3%B3n-y-desarrollo-en-am%C3%A9rica\" target=\"_blank\" rel=\"noopener\">La Migracio\u0301n Internacional y La Proteccio\u0301n de Los Derechos Humanos de Todas Las Personas Migrantes<\/a>. In <i>La implementaci\u00f3n del Consenso de Montevideo sobre Poblaci\u00f3n y Desarrollo en Am\u00e9rica Latina y el Caribe: avances y desaf\u00edos<\/i>. ALAP &amp; UNFPA-Oficina Regional para Am\u00e9rica Latina y el Caribe.<\/p>\n\n\n\n<p class=\"wp-block-paragraph\"><strong>Zapata, G.P.<\/strong> &amp; Cuervo, Sulma M. (2019). <a href=\"https:\/\/www.sdi.unam.mx\/docs\/libros\/SUDIMER-CyMdPV.pdf\" target=\"_blank\" rel=\"noopener noreferrer\">De la frontera a la metr\u00f3polis: la experiencia migratoria de venezolanos en Brasil<\/a>. In Gandini, L; Lozano Ascencio, F.; Prieto, V. (eds), \u201cCrisis y migraci\u00f3n de poblaci\u00f3n venezolana: entre la desprotecci\u00f3n y la seguridad jur\u00eddica en Latinoam\u00e9rica\u201d. 1a ed., UNAM, Ciudad de M\u00e9xico.<\/p>\n\n\n\n<p class=\"wp-block-paragraph\">Castillo, G. &amp; <strong>Zapata, G. P.<\/strong> (2019). Migraci\u00f3n internacional, desarrollo y cambio socioecon\u00f3mico en zonas cafetaleras de M\u00e9xico y Colombia en el siglo XXI. In N\u00e1jera, J., Lindstrom, D. y Giorguli, Silvia (eds). Migraciones en las Am\u00e9ricas, 1a ed. El Colegio de M\u00e9xico, Centro de Estudios Demogr\u00e1ficos, Urbanos y Ambientales (CEDUA), Ciudad de M\u00e9xico.<\/p>\n\n\n\n<p class=\"wp-block-paragraph\"><strong>TECHNICAL RESEARCH REPORTS, BLOGS AND OTHER PUBLICATIONS<\/strong><\/p>\n\n\n\n<p class=\"wp-block-paragraph\"><strong>Zapata, G.P.<\/strong>, Moulin, C.; Guedes, G.R.; Alves, K.; Fernandes, D.; Jarochinski, J.; Reis, W. (2024). <a href=\"https:\/\/www.onumulheres.org.br\/pesquisa-moverse\/\" target=\"_blank\" rel=\"noopener\">A estrat\u00e9gia de interioriza\u00e7\u00e3o para refugiadas, refugiados e migrantes da Venezuela no Brasil: construindo evid\u00eancias para informar a formula\u00e7\u00e3o de pol\u00edticas responsivas ao g\u00eanero<\/a>. Ag\u00eancia da ONU para Refugiados (ACNUR), ONU Mulheres, UNFPA Brasil.&nbsp;<\/p>\n\n\n\n<p class=\"wp-block-paragraph\">Moulin, C.; Guedes, G.R.; <strong>Zapata, G.P.<\/strong>, Fernandes, D.; Jarochinski, J.; Reis, W. (2022). <a href=\"https:\/\/www.onumulheres.org.br\/pesquisa-moverse\/\" target=\"_blank\" rel=\"noopener\">Oportunidades e desafios \u00e0 integra\u00e7\u00e3o local de pessoas de origem venezuelana interiorizadas no Brasil durante a pandemia de Covid-19<\/a>. Ag\u00eancia da ONU para Refugiados (ACNUR), ONU Mulheres, UNFPA Brasil.&nbsp;<\/p>\n\n\n\n<p class=\"wp-block-paragraph\"><strong>Zapata, G. P.<\/strong> &amp; Queiroz, V. (2022). <a href=\"https:\/\/sanbas.eng.ufmg.br\/wp-content\/uploads\/2022\/05\/Caderno-ilustrado-Saneamento-visual-como-direito.pdf\" target=\"_blank\" rel=\"noopener\">Aspectos Econ\u00f4mico-Financeiros. En <em>Saneamento visual como direito: caminhos para se pensar a elabora\u00e7\u00e3o participativa dos Planos Municipais de Saneamento B\u00e1sico<\/em><\/a> \/ [organiza\u00e7\u00e3o Uende Aparecida Figueiredo Gomes, Jo\u00e3o Luiz Pena, Rafaela Sena do Amaral]. &#8212; Belo Horizonte, MG : Projeto SanBas.&nbsp;<\/p>\n\n\n\n<p class=\"wp-block-paragraph\"><strong>Zapata, G. P.<\/strong> &amp; Queiroz, V. (2022). <a href=\"https:\/\/sanbas.eng.ufmg.br\/wp-content\/uploads\/2022\/07\/Dicionario-de-Saneamento-Basico.pdf\" target=\"_blank\" rel=\"noopener\">Dicion\u00e1rio de saneamento b\u00e1sico: pilares para uma gest\u00e3o participativa nos munic\u00edpios <\/a>[organiza\u00e7\u00e3o Uende Aparecida Figueiredo Gomes, Jo\u00e3o Luiz Pena, Josiane T. Matos de Queiroz]. &#8212; Belo Horizonte, MG : Projeto SanBas.&nbsp;<\/p>\n\n\n\n<p class=\"wp-block-paragraph\">Castro, F. R., <strong>Zapata, G. P. &amp; <\/strong>Vera Espinoza, M. (2021).&nbsp;<a href=\"https:\/\/migramundo.com\/os-desafios-a-protecao-de-imigrantes-e-refugiados-no-brasil-em-tempos-de-pandemia-de-covid-19\/\" target=\"_blank\" rel=\"noopener\">Os desafios \u00e0 prote\u00e7\u00e3o de imigrantes e refugiados no Brasil em tempos de pandemia de COVID-19<\/a>. <em>Migramundo<\/em>. S\u00e3o Paulo.<\/p>\n\n\n\n<p class=\"wp-block-paragraph\"><b>Zapata, G. P., <\/b>Prieto Rosas, V. (2021). <a href=\"http:\/\/www.alapop.org\/alap\/index.php?option=com_content&amp;view=article&amp;id=1953:desigualdades-prexistentes-y-contingentes-impactos-del-covid-19-en-las-poblaciones-migrantes-y-refugiadas-en-america-del-sur-2&amp;catid=118&amp;Itemid=1039\" target=\"_blank\" rel=\"noopener\">Desigualdades Preexistentes y Contingentes: Impactos del COVID-19 en las Poblaciones Migrantes y Refugiadas en Am\u00e9rica del Sur<\/a>. <em>Novedades ALAP &#8211; Revista Online de la Asociaci\u00f3n Latinoamericana de Poblaci\u00f3n<\/em>, Novedades ALAP #6. Mayo 2021.<\/p>\n\n\n\n<p class=\"wp-block-paragraph\">Vera Espinoza, M.;<strong> Zapata, G. P.<\/strong>&nbsp;&amp; Castro, F. R. (2021). <a href=\"https:\/\/blogs.lse.ac.uk\/latamcaribbean\/2021\/05\/24\/tech-tools-have-helped-brazilian-civil-society-support-migrants-during-covid-but-they-are-no-substitute-for-lasting-change\/\" target=\"_blank\" rel=\"noopener\">Tech tools have helped Brazilian civil society support migrants during COVID, but they are no substitute for lasting change<\/a>. Latin America and Caribbean Centre, London School of Economics (LSE).&nbsp;<\/p>\n\n\n\n<p class=\"wp-block-paragraph\">Vera Espinoza, M.;<strong>Zapata, G. P.<\/strong>&nbsp;&amp; Castro, F. R. (2021).&nbsp;<a href=\"https:\/\/migramundo.com\/tecnologia-ajuda-sociedade-civil-no-trabalho-com-migrantes-na-pandemia-mas-nao-substitui-acoes-duradouras\/\" target=\"_blank\" rel=\"noopener\">Tecnologia ajuda sociedade civil no trabalho com migrantes na pandemia, mas n\u00e3o substitui a\u00e7\u00f5es duradouras<\/a>. <em>Migramundo<\/em>. S\u00e3o Paulo.&nbsp;<\/p>\n\n\n\n<p class=\"wp-block-paragraph\"><strong>Zapata, G. P.<\/strong>, Castro, F. R., &amp; Vera Espinoza, M. (2021). <a href=\"https:\/\/www.qmul.ac.uk\/gpi\/projects\/migpanbrin\/blog\/items\/closing-borders-limiting-protection---mobility-in-times-of-covid-19-in-brazil.html\" target=\"_blank\" rel=\"noopener\">Closing borders, limiting protection: mobility in times of COVID-19 in Brazil<\/a>. Global Policy Institute, Queen Mary University of London (QMUL).&nbsp;<\/p>\n\n\n\n<p class=\"wp-block-paragraph\">Nair, P., Vera Espinoza, M., <strong>Zapata, G. P.<\/strong>, Tiwary, S., Castro, F. R., Nizami, A., Jorgensen, N., Yadav, A., Oza, E., Khan, F., Ranjan, R., Zocchi, B., Barve, S., &amp; Barraco, M. (2021). <a href=\"https:\/\/www.qmul.ac.uk\/gpi\/media\/global-policy-institute\/Report_Migration_Pandemic_CivilSociety_April21.pdf\" target=\"_blank\" rel=\"noopener\">Migration, Pandemic and Responses from the Third Sector: Lessons from Brazil and India.<\/a> Global Policy Institute, Queen Mary University of London (QMUL). London.<\/p>\n\n\n\n<p class=\"wp-block-paragraph\">Vera Espinoza, M., <strong>Zapata, G. P.<\/strong> &amp; Gandini, L. (2020). <a href=\"https:\/\/www.opendemocracy.net\/en\/democraciaabierta\/mobility-immobility-latin-american-migrants-trapped-amid-covid-19\/\" target=\"_blank\" rel=\"noopener\">Mobility in Immobility: Latin American Migrants Trapped amid COVID-19<\/a>. Open Democracy.<\/p>\n\n\n\n<p class=\"wp-block-paragraph\"><strong>PUBLIC SEMINARS \/ MEDIA<\/strong><\/p>\n\n\n\n<p class=\"wp-block-paragraph\">Jarochinski Silva, J.C. &amp;<strong> Zapata, G. P.<\/strong> (2026). <a href=\"https:\/\/latinoamerica21.com\/en\/from-a-humanitarian-showcase-to-a-migration-filter-brazils-contradictory-role-in-refugee-protection\/\" target=\"_blank\" rel=\"noreferrer noopener\">From a humanitarian showcase to a migration filter: Brazil\u2019s contradictory role in refugee protection<\/a>. Latinoam\u00e9rica 21. Debates. 14 February 2026. <\/p>\n\n\n\n<p class=\"wp-block-paragraph\">Jarochinski Silva, J.C. &amp;<strong> Zapata, G. P.<\/strong> (2026). <a href=\"https:\/\/www.otempo.com.br\/opiniao\/latinoamerica21\/2026\/2\/17\/o-papel-contraditorio-do-brasil-na-protecao-de-refugiados\" target=\"_blank\" rel=\"noreferrer noopener\">O papel contradit\u00f3rio do Brasil na prote\u00e7\u00e3o de refugiados: de modelo humanit\u00e1rio a filtro migrat\u00f3rio<\/a>. O Tempo. Colunas. 17 fevereiro 2026. <\/p>\n\n\n\n<p class=\"wp-block-paragraph\"><strong>Zapata, G. P.<\/strong> (2024). <a href=\"https:\/\/www.youtube.com\/watch?v=x7C8_ARSQkk&amp;list=PL0S1QC2zc0RUe-EHvA9nh9u5I_4yKYvrv&amp;index=6\" target=\"_blank\" rel=\"noopener\">C\u00e1psula 6: La migraci\u00f3n internacional y la protecci\u00f3n de los DDHH de todas las personas migrantes<\/a>. C\u00e1psulas &#8211; Conmemoraci\u00f3n a 10 a\u00f1os del Consenso de Montevideo. Asociaci\u00f3n Latino-Americana de Poblaci\u00f3n (ALAP) \/ Fondo de Poblaci\u00f3n de las Naciones Unidas (UNFPA).&nbsp;<\/p>\n\n\n\n<p class=\"wp-block-paragraph\"><strong>Zapata, G. P.<\/strong> (2022). <a href=\"https:\/\/southernresponses.org\/2022\/06\/27\/critical-reflections-on-decolonising-humanitarianism-and-refugee-related-research-roundtable-event\/\" target=\"_blank\" rel=\"noopener\">Critical Reflections on \u2018Decolonising\u2019 Humanitarianism and Refugee-Related Research in Latin America<\/a>. Critical Reflections on \u2018Decolonising\u2019 Humanitarianism and Refugee-Related Research. University College London, UCL Migration Research Unit.<\/p>\n\n\n\n<p class=\"wp-block-paragraph\"><strong>Zapata, G. P.<\/strong> (2022). <a href=\"https:\/\/www.youtube.com\/watch?v=HpdwQdBgsJ0\" target=\"_blank\" rel=\"noopener\">Prote\u00e7\u00e3o social em tempos de pandemia: atores, pol\u00edticas e processos de in\/exclus\u00e3o da popula\u00e7\u00e3o migrante e refugiada na Am\u00e9rica Latina<\/a>. Semin\u00e1rio de Abertura das Bolsas do Centro de Estudos Acad\u00eamicos da Am\u00e9rica Latina (CBEAL) &#8211; Pol\u00edticas p\u00fablicas para popula\u00e7\u00e3o migrante na Am\u00e9rica Latina,&nbsp; Memorial da Am\u00e9rica Latina.&nbsp;<\/p>\n\n\n\n<p class=\"wp-block-paragraph\"><strong>Zapata, G. P. <\/strong>(2022). <a href=\"https:\/\/www.youtube.com\/watch?v=5hSGzKCIfJo&amp;list=PLQkiQF7uqMg5DuXjai0FnrEJBRPQRqKUM&amp;index=2\" target=\"_blank\" rel=\"noopener\">La protecci\u00f3n social de personas en movilidad durante la pandemia en Latinoam\u00e9rica: el caso de Brasil.<\/a> XVII Encuentro de Derechos Humanos CAMINEMOS, Juntos por la integraci\u00f3n. Conferencia \u201cLa protecci\u00f3n social de personas en movilidad durante la pandemia en Latinoam\u00e9rica\u201d. Instituto de Democracia y Derechos Humanos (IDEHPUCP), Pontificia Universidad Cat\u00f3lica del Per\u00fa.&nbsp;<\/p>\n\n\n\n<p class=\"wp-block-paragraph\"><strong>Zapata, G. P.<\/strong> (2022). <a href=\"https:\/\/www.youtube.com\/watch?v=iPX6Tx5HWNE\" target=\"_blank\" rel=\"noopener\">Conflictos y desigualdades en la respuesta latinoamericana a los flujos desde Venezuela: el caso de Brasil<\/a>. Ciclo de Di\u00e1logos &#8211; Movilidades en contextos de crisis: vulnerabilidad, conflictos y desigualdades. Aproximaciones a la migraci\u00f3n venezolana. Red de Activismo e Investigaci\u00f3n por la Convivencia (REACIN) \/ Fundaci\u00f3n Instituto de Estudios Avanzados (IDEA).&nbsp;<\/p>\n\n\n\n<p class=\"wp-block-paragraph\"><strong>Zapata, G. P.<\/strong> (2021). <a href=\"https:\/\/podcasts.apple.com\/br\/podcast\/rasga%C3%AD\/id1541862865?l=en&amp;i=1000525855378\" target=\"_blank\" rel=\"noopener\">Situa\u00e7\u00e3o dos migrantes e refugiados nos pa\u00edses da Am\u00e9rica do Sul durante a pandemia<\/a>. Epis\u00f3dio #31. Podcast RASGA\u00cd &#8211; Podcast de Ci\u00eancia &#8211; Demografia &#8211; Estudos Populacionais. Programa de P\u00f3s-gradua\u00e7\u00e3o em Demografia &#8211; Universidade Federal do Rio Grande do Norte (UFRN).&nbsp;<\/p>\n\n\n\n<p class=\"wp-block-paragraph\"><strong>Zapata, G. P.<\/strong> (2021). Protecci\u00f3n social de migrantes y refugiados en Am\u00e9rica Latina en tiempos de COVID-19: un espectro de inclusi\u00f3n\/exclusi\u00f3n. <a href=\"https:\/\/www.youtube.com\/watch?v=AcYK8H0qhGE\" target=\"_blank\" rel=\"noopener\">Sesi\u00f3n Presidencial &#8211;&nbsp; LASA 2021: \u201cMovilidad en la inmovilidad: Estado y migraciones en tiempos de pandemia\u201d<\/a>. International Congress of the Latin American Studies Association (LASA).&nbsp;<\/p>\n\n\n\n<p class=\"wp-block-paragraph\"><\/p>\n","protected":false},"excerpt":{"rendered":"<p>PAPERS Zapata, G.P. (2025). Governing Migration through Humanitarianism: Emerging Trends in Latin America. Journal of Immigrant &amp; Refugee Studies, 1-19. https:\/\/doi.org\/10.1080\/15562948.2025.2588147&nbsp; Restrepo Pineda, J. E., Bedoya D\u00edaz, H. A., Zapata, G.P. y Aliaga S\u00e1ez, F. A. (2025). Condiciones de entrada y permanencia del mercado laboral informal de los inmigrantes venezolanos en Colombia. Revista Colombiana de &hellip; <a href=\"https:\/\/docentes.face.ufmg.br\/gpzapata\/producao-bibliografica\/\" class=\"more-link\">Continuar lendo <span class=\"screen-reader-text\">Publications<\/span><\/a><\/p>\n","protected":false},"author":57,"featured_media":0,"parent":0,"menu_order":0,"comment_status":"closed","ping_status":"closed","template":"","meta":{"_crdt_document":"","_exactmetrics_skip_tracking":false,"_exactmetrics_sitenote_active":false,"_exactmetrics_sitenote_note":"","_exactmetrics_sitenote_category":0,"footnotes":""},"class_list":["post-28","page","type-page","status-publish","hentry"],"_links":{"self":[{"href":"https:\/\/docentes.face.ufmg.br\/gpzapata\/wp-json\/wp\/v2\/pages\/28","targetHints":{"allow":["GET"]}}],"collection":[{"href":"https:\/\/docentes.face.ufmg.br\/gpzapata\/wp-json\/wp\/v2\/pages"}],"about":[{"href":"https:\/\/docentes.face.ufmg.br\/gpzapata\/wp-json\/wp\/v2\/types\/page"}],"author":[{"embeddable":true,"href":"https:\/\/docentes.face.ufmg.br\/gpzapata\/wp-json\/wp\/v2\/users\/57"}],"replies":[{"embeddable":true,"href":"https:\/\/docentes.face.ufmg.br\/gpzapata\/wp-json\/wp\/v2\/comments?post=28"}],"version-history":[{"count":74,"href":"https:\/\/docentes.face.ufmg.br\/gpzapata\/wp-json\/wp\/v2\/pages\/28\/revisions"}],"predecessor-version":[{"id":293,"href":"https:\/\/docentes.face.ufmg.br\/gpzapata\/wp-json\/wp\/v2\/pages\/28\/revisions\/293"}],"wp:attachment":[{"href":"https:\/\/docentes.face.ufmg.br\/gpzapata\/wp-json\/wp\/v2\/media?parent=28"}],"curies":[{"name":"wp","href":"https:\/\/api.w.org\/{rel}","templated":true}]}}