{"id":28,"date":"2016-06-09T14:40:27","date_gmt":"2016-06-09T17:40:27","guid":{"rendered":"http:\/\/docentes.face.ufmg.br\/john-doe\/?page_id=28"},"modified":"2023-05-02T11:47:47","modified_gmt":"2023-05-02T14:47:47","slug":"producao-bibliografica","status":"publish","type":"page","link":"https:\/\/docentes.face.ufmg.br\/atmc\/pt\/producao-bibliografica\/","title":{"rendered":"Produ\u00e7\u00e3o bibliogr\u00e1fica"},"content":{"rendered":"\n<h5 class=\"wp-block-heading\">Artigos completos publicados em revistas acad\u00eamicas<\/h5>\n\n\n\n<div class=\"wp-block-group\"><div class=\"wp-block-group__inner-container is-layout-flow wp-block-group-is-layout-flow\">\n<p class=\"wp-block-paragraph\">A maior parte dos artigos listados a seguir n\u00e3o teria sido produzida ou publicada sem o apoio direto e indireto do Conselho Nacional de Desenvolvimento Cient\u00edfico e Tecnol\u00f3gico (CNPq), da Coordena\u00e7\u00e3o de Aperfei\u00e7oamento de Pessoal de N\u00edvel Superior (CAPES), da Funda\u00e7\u00e3o de Amparo \u00e0 Pesquisa do Estado de Minas Gerais (FAPEMIG) e da Universidade Federal de Minas Gerais (UFMG).<\/p>\n\n\n\n<p class=\"wp-block-paragraph\">1. CAMPOS, L. ;&nbsp;<strong><span class=\"ugb-highlight\" style=\"color: #e53b51\">CAVALCANTE, A. T. M.<\/span><\/strong>; ANTIGO, M. <a href=\"https:\/\/revistaaber.org.br\/rberu\/article\/view\/815\">Globaliza\u00e7\u00e3o Regional: Desenvolvimento de um \u00edndice multidimensional para o Brasil. <\/a>Revista Brasileira de Estudos Regionais e Urbanos, v. 16, p. 57-90, 2023.<\/p>\n\n\n\n<p class=\"wp-block-paragraph\">2. <img loading=\"lazy\" decoding=\"async\" width=\"20\" height=\"21\" src=\"http:\/\/docentes.face.ufmg.br\/atmc\/wp-content\/uploads\/sites\/64\/2020\/04\/uk_sq.jpg\" alt=\"\"> VIEGAS, M.; NORONHA, K.; Campolina, B.;&nbsp;<strong><span class=\"ugb-highlight\" style=\"color: #e53b51\">CAVALCANTE, A. T. M.<\/span><\/strong>; SANTOS, A.; MAGALHAES, A.; GUEDES, G. <a href=\"https:\/\/www.sciencedirect.com\/science\/article\/pii\/S2212109921000455\">Estimation of Health-Related Quality of Life Losses Owing to a Technological Disaster in Brazil Using EQ-5D-3L: A Cross-Sectional Study<\/a>. VALUE IN HEALTH REGIONAL ISSUES (PRINT), v. 26, p. 66-74, 2021.<\/p>\n\n\n\n<p class=\"wp-block-paragraph\">3. <img loading=\"lazy\" decoding=\"async\" width=\"20\" height=\"21\" src=\"http:\/\/docentes.face.ufmg.br\/atmc\/wp-content\/uploads\/sites\/64\/2020\/04\/uk_sq.jpg\" alt=\"\"> TUPY, I.; AMARAL, P.; FARIA, F.;&nbsp;<strong><span class=\"ugb-highlight\" style=\"color: #e53b51\">CAVALCANTE, A. T. M.<\/span><\/strong> <a href=\"https:\/\/www.tandfonline.com\/doi\/full\/10.1080\/00343404.2020.1851025\">The spatial features of recent crises in a developing country: analysing regional economic resilience for the Brazilian case<\/a>. Regional Studies, p. 1-14, 2020.<\/p>\n\n\n\n<p class=\"wp-block-paragraph\">4. <img loading=\"lazy\" decoding=\"async\" width=\"20\" height=\"21\" src=\"http:\/\/docentes.face.ufmg.br\/atmc\/wp-content\/uploads\/sites\/64\/2020\/04\/uk_sq.jpg\" alt=\"\"> SANTOS, M.; <strong><span class=\"ugb-highlight\" style=\"color: #e53b51\">CAVALCANTE, A. T. M.<\/span><\/strong> <a href=\"https:\/\/www.rbgdr.net\/revista\/index.php\/rbgdr\/article\/view\/5399\">Sobreviv\u00eancia local de ag\u00eancias banc\u00e1rias no Brasil<\/a>. Revista Brasileira de Gest\u00e3o e Desenvolvimento Regional, v. 16, n. 2, p.143-156 &nbsp;2020.<\/p>\n\n\n\n<p class=\"wp-block-paragraph\">5. PEREIRA, F.; CROCCO, M.; <strong><strong><strong><span class=\"ugb-highlight\" style=\"color: #e53b51\">CAVALCANTE, A. T. M.<\/span><\/strong><\/strong><\/strong> <a rel=\"noreferrer noopener\" href=\"http:\/\/www.scielo.br\/scielo.php?script=sci_arttext&amp;pid=S0104-06182019000200541&amp;lng=en&amp;nrm=iso&amp;tlng=pt\" target=\"_blank\">Um plano nacional de capacita\u00e7\u00e3o financeira: o caso brasileiro<\/a>. Economia e Sociedade (UNICAMP), v. 28, p. 541-561, 2019.<\/p>\n\n\n\n<p class=\"wp-block-paragraph\">6. ATTILIO, L.; <strong><strong><strong><span class=\"ugb-highlight\" style=\"color: #e53b51\">CAVALCANTE, A. T. M.<\/span><\/strong><\/strong><\/strong> <a rel=\"noreferrer noopener\" href=\"https:\/\/seer.ufrgs.br\/AnaliseEconomica\/article\/view\/74059\" target=\"_blank\">Empresas n\u00e3o financeiras e o impacto da estrat\u00e9gia Maximizing Shareholder Value sobre o emprego no Brasil<\/a>. An\u00e1lise Econ\u00f4mica (UFRGS) online, v. 37, p. 175-209, 2019.<\/p>\n\n\n\n<p class=\"wp-block-paragraph\">7. MENDONCA, M. P.; <strong><span class=\"ugb-highlight\" style=\"color: #e53b51\">CAVALCANTE, A. T. M.<\/span><\/strong> <a rel=\"noreferrer noopener\" href=\"http:\/\/www.revistasep.org.br\/index.php\/SEP\/article\/view\/465\" target=\"_blank\">Fragilidade Financeira do setor banc\u00e1rio brasileiro<\/a>. Revista da Sociedade Brasileira de Economia Pol\u00edtica, v. 54, p. 148-182, 2019.<\/p>\n\n\n\n<p class=\"wp-block-paragraph\">8. <img loading=\"lazy\" decoding=\"async\" width=\"20\" height=\"21\" src=\"http:\/\/docentes.face.ufmg.br\/atmc\/wp-content\/uploads\/sites\/64\/2020\/04\/uk_sq.jpg\" alt=\"\"> <strong><span class=\"ugb-highlight\" style=\"color: #e53b51\">CAVALCANTE, A. T. M.<\/span><\/strong> <a rel=\"noreferrer noopener\" href=\"https:\/\/www.tandfonline.com\/doi\/full\/10.1080\/00343404.2018.1441528\" target=\"_blank\">Investment and the banking system: a Kaleckian approach for regions in Brazil<\/a>. Regional Studies, v. 52, n.12, p. 1-14, 2018.<\/p>\n\n\n\n<p class=\"wp-block-paragraph\">9. <img loading=\"lazy\" decoding=\"async\" width=\"20\" height=\"21\" src=\"http:\/\/docentes.face.ufmg.br\/atmc\/wp-content\/uploads\/sites\/64\/2020\/04\/uk_sq.jpg\" alt=\"\"> <strong><span class=\"ugb-highlight\" style=\"color: #e53b51\">CAVALCANTE, A. T. M.<\/span><\/strong>; CROCCO, M.; SANTOS, F.; NOGUEIRA, M. <a rel=\"noreferrer noopener\" href=\"https:\/\/rbeur.anpur.org.br\/rbeur\/article\/view\/5553\" target=\"_blank\">Financialization and Space: Theoretical and Empirical Contributions<\/a>. Revista Brasileira de Estudos Urbanos e Regionais, v. 20, p. 193-220, 2018.<\/p>\n\n\n\n<p class=\"wp-block-paragraph\">10. <strong><span class=\"ugb-highlight\" style=\"color: #e53b51\">CAVALCANTE, A. T. M.<\/span><\/strong> <a rel=\"noreferrer noopener\" href=\"https:\/\/periodicosonline.uems.br\/index.php\/fronteiracidadania\/article\/view\/2170\" target=\"_blank\">A Din\u00e2mica Espacial da Exclus\u00e3o Financeira e as Moedas Sociais<\/a>. Fronteiras, Desenvolvimento e Cidadania, v. 1, p. 29-59, 2017.<\/p>\n\n\n\n<p class=\"wp-block-paragraph\">11. CAMPOLINA, B.; <strong><span class=\"ugb-highlight\" style=\"color: #e53b51\">CAVALCANTE, A. T. M.<\/span><\/strong> <a rel=\"noreferrer noopener\" href=\"https:\/\/online.unisc.br\/seer\/index.php\/redes\/article\/view\/8546\" target=\"_blank\">Economia miner\u00e1ria e seu impacto urbano: desafios e contradi\u00e7\u00f5es na Regi\u00e3o Metropolitana de Belo Horizonte<\/a>. Redes (Santa Cruz do Sul), v. 22, p. 12-39, 2016.<\/p>\n\n\n\n<p class=\"wp-block-paragraph\">12. <img loading=\"lazy\" decoding=\"async\" width=\"20\" height=\"21\" src=\"http:\/\/docentes.face.ufmg.br\/atmc\/wp-content\/uploads\/sites\/64\/2020\/04\/uk_sq.jpg\" alt=\"\"> <strong><span class=\"ugb-highlight\" style=\"color: #e53b51\">CAVALCANTE, A. T. M.<\/span><\/strong>; ALMEIDA, R.; BAKER, N. <a rel=\"noreferrer noopener\" href=\"https:\/\/revistas.face.ufmg.br\/index.php\/novaeconomia\/article\/view\/3986\" target=\"_blank\">The urban dynamics of financial services: centralities in the metropolis<\/a>. Nova Economia (UFMG), v. 26, p. 1245-1286, 2016.<\/p>\n\n\n\n<p class=\"wp-block-paragraph\">13. <strong><span class=\"ugb-highlight\" style=\"color: #e53b51\">CAVALCANTE, A. T. M.<\/span><\/strong> I<a rel=\"noreferrer noopener\" href=\"https:\/\/revistas.face.ufmg.br\/index.php\/novaeconomia\/article\/view\/4484\" target=\"_blank\">ntrodu\u00e7\u00e3o editorial: institui\u00e7\u00f5es e planejamento urbano e regional<\/a>. Nova Economia (UFMG), v. 26, p. 1067-1073, 2016.<\/p>\n\n\n\n<p class=\"wp-block-paragraph\">14. CROCCO, M.; HERMETO, A.; CARVALHO, C.; SANTOS, F.; JAYME J\u00daNIOR, F.; DYMSKI, G.; <strong><span class=\"ugb-highlight\" style=\"color: #e53b51\">CAVALCANTE, A. T. M.<\/span><\/strong>; DINIZ, S.; PEREIRA, F.; RESENDE, A. <a rel=\"noreferrer noopener\" href=\"http:\/\/aplicacoes.mds.gov.br\/sagi\/pesquisas\/documentos\/PainelPEI\/Publicacoes\/Pesquisa%20sobre%20os%20conhecimento%20atitudes%20e%20praticas%20financeiras%20das%20fam%C3%ADlias%20inscritas%20no%20cadastro%20unico%20para%20programas%20sociais.pdf\" target=\"_blank\">Estrat\u00e9gia de pesquisa sobre os conhecimentos, atitudes e pr\u00e1ticas financeiras das fam\u00edlias inscritas no Cadastro \u00danico para programas sociais<\/a>. Cadernos de Estudos \u2013 Secretaria de Avalia\u00e7\u00e3o e Gest\u00e3o Da Informa\u00e7\u00e3o, v. 16, p. 51-55, 2015.<\/p>\n\n\n\n<p class=\"wp-block-paragraph\">15. <img loading=\"lazy\" decoding=\"async\" width=\"20\" height=\"21\" src=\"http:\/\/docentes.face.ufmg.br\/atmc\/wp-content\/uploads\/sites\/64\/2020\/04\/uk_sq.jpg\" alt=\"\"> CROCCO, M.; SANTOS, F.; <strong><span class=\"ugb-highlight\" style=\"color: #e53b51\">CAVALCANTE, A. T. M.<\/span><\/strong>; NOGUEIRA, M. <a rel=\"noreferrer noopener\" href=\"https:\/\/rsa.tandfonline.com\/doi\/abs\/10.1080\/13673882.2014.11006054#.XqL92S-z01I\" target=\"_blank\">An empirical assessment of spatial financialisation in Brazil<\/a>. Regions Magazine, v. 295, p. 19-22, 2014.<\/p>\n\n\n\n<p class=\"wp-block-paragraph\">16. <img loading=\"lazy\" decoding=\"async\" width=\"20\" height=\"21\" src=\"http:\/\/docentes.face.ufmg.br\/atmc\/wp-content\/uploads\/sites\/64\/2020\/04\/uk_sq.jpg\" alt=\"\"> ARESTIS, P. ; BALTAR, C. ; <span class=\"ugb-highlight\" style=\"color: #e53b51\"><strong>CAVALCANTE, A. T. M<\/strong>.<\/span> <a rel=\"noreferrer noopener\" href=\"http:\/\/www.ogasun.ejgv.euskadi.eus\/r51-k86aekon\/es\/k86aEkonomiazWar\/ekonomiaz\/abrirArticulo?idpubl=67&amp;registro=998\" target=\"_blank\">Current Financial Crisis: The End of Financial Liberalisation<\/a>. Revista Ekonomiaz, v. 72, p. 51-76, 2009.<\/p>\n\n\n\n<p class=\"wp-block-paragraph\">17. CROCCO, M.; ALBUQUERQUE, E.; <span class=\"ugb-highlight\" style=\"color: #e53b51\"><strong>CAVALCANTE, A. T. M<\/strong>.<\/span>; BRITO, M. <a rel=\"noreferrer noopener\" href=\"https:\/\/periodicos.sbu.unicamp.br\/ojs\/index.php\/rbi\/article\/view\/8648969\" target=\"_blank\">Patentes e Sistemas Financeiros: um estudo explorat\u00f3rio para o Brasil<\/a>. Revista Brasileira de Inova\u00e7\u00e3o, v. 7, p. 367-407, 2008.<\/p>\n\n\n\n<p class=\"wp-block-paragraph\">18. <span class=\"ugb-highlight\" style=\"color: #e53b51\"><strong>CAVALCANTE, A. T. M<\/strong>.<\/span>; CROCCO, M.; BRITO, M. <a rel=\"noreferrer noopener\" href=\"https:\/\/seer.ufrgs.br\/AnaliseEconomica\/article\/view\/10871\" target=\"_blank\">Impactos Macroecon\u00f4micos na Varia\u00e7\u00e3o Regional da Oferta de Cr\u00e9dito<\/a>. An\u00e1lise Econ\u00f4mica (UFRGS), v. 25, n.47, p. 142-178, 2007.<\/p>\n\n\n\n<p class=\"wp-block-paragraph\">19. <img loading=\"lazy\" decoding=\"async\" width=\"20\" height=\"21\" src=\"http:\/\/docentes.face.ufmg.br\/atmc\/wp-content\/uploads\/sites\/64\/2020\/04\/uk_sq.jpg\" alt=\"\"> CROCCO, M.; <strong><span class=\"ugb-highlight\" style=\"color: #e53b51\">CAVALCANTE, A. T. M.<\/span><\/strong>; BARRA, C. <a rel=\"noreferrer noopener\" href=\"https:\/\/www.tandfonline.com\/doi\/abs\/10.2753\/PKE0160-3477280204\" target=\"_blank\">The behavior of liquidity preference of banks and public and regional development: the case of Brazil<\/a>. Journal of Post-Keynesian Economics, v. 28, p. 217-240, 2006.<\/p>\n\n\n\n<p class=\"wp-block-paragraph\">20. <strong><span class=\"ugb-highlight\" style=\"color: #e53b51\">CAVALCANTE, A. T. M.<\/span><\/strong>; CROCCO, M.; BARRA, C.; VAL, V. <a rel=\"noreferrer noopener\" href=\"https:\/\/seer.ufrgs.br\/AnaliseEconomica\/article\/view\/10729\" target=\"_blank\">Acesso Banc\u00e1rio e Prefer\u00eancia pela Liquidez nas mesorregi\u00f5es administrativas de Minas Gerais<\/a>. An\u00e1lise Econ\u00f4mica (UFRGS), Porto Alegre, v. 21, n.40, p. 39-64, 2003.<\/p>\n\n\n\n<p class=\"wp-block-paragraph\"><\/p>\n<\/div><\/div>\n\n\n\n<h5 class=\"wp-block-heading\">CAP\u00cdTULOS DE LIVROS<\/h5>\n\n\n\n<p class=\"wp-block-paragraph\">1. PARIS, D.; MELO, A.; MACHADO, A. F.; <strong><span style=\"color: #e53b51\" class=\"ugb-highlight\">CAVALCANTE, A. T. M.<\/span><\/strong>; PAGLIOTO, B. Nouvelle \u00e9conomie, cr\u00e9ation de valeur dans la villeet partage de la richesse \u00e0 Lille et Belo Horizonte. In: Pauline Bosredon, Fr\u00e9d\u00e9ric Dumont, Alexandre Magno Alves Diniz, Ana Maria Melo. (Org.). Richesses en partage au Br\u00e9sil et en France: Approches socio-spatiales crois\u00e9es dans le Minas Gerais et le Nord-Pas de Calais. 1ed.Villeneuve d&#8217;Ascq cedex: Presses Universitaires du Septentrion, 2020, p. 75-110.<\/p>\n\n\n\n<p class=\"wp-block-paragraph\">2.<strong>&nbsp;<span style=\"color: #e53b51\" class=\"ugb-highlight\">CAVALCANTE, A. T. M.<\/span><\/strong>; NOGUEIRA, M.; CROCCO, M. Incerteza, prefer\u00eancia pela liquidez e moeda: contribui\u00e7\u00f5es para a economia regional. In: Jos\u00e9 Luis Oreiro; Luiz Fernando de Paula; Rog\u00e9rio Sobreira. (Org.). Moeda e Sistema Financeiro: ensaios em homenagem a Fernando Cardim de Carvalho. 1ed. Santa Maria: Ed.UFSM, 2019, p. 125-153.<\/p>\n\n\n\n<div class=\"wp-block-group\"><div class=\"wp-block-group__inner-container is-layout-flow wp-block-group-is-layout-flow\">\n<p class=\"wp-block-paragraph\" style=\"line-height:1.5\">3.<strong>&nbsp;<span class=\"has-inline-color has-medium-pink-color\">CAVALCANTE, A. T. M.<\/span><\/strong> Bancos M\u00faltiplos P\u00fablicos e Desenvolvimento. In: Carmem Feij\u00f3; Eliane Ara\u00fajo. (Org.). Macoreconomia moderna: li\u00e7\u00f5es de Keynes para economias em desenvolvimento. 1ed. Rio de Janeiro: Elsevier, 2019, p. 175-188.&nbsp;<\/p>\n<\/div><\/div>\n\n\n\n<div class=\"wp-block-group\"><div class=\"wp-block-group__inner-container is-layout-flow wp-block-group-is-layout-flow\">\n<p class=\"wp-block-paragraph\">4.<strong> <\/strong>CAMPOLINA, B.;&nbsp;<strong><span class=\"has-inline-color has-medium-pink-color\">CAVALCANTE, A. T. M<\/span>.<\/strong> Desafios contempor\u00e2neos da Uni\u00e3o Europeia. In: Alexandre Mendes Cunha. (Org.). <a rel=\"noreferrer noopener\" href=\"http:\/\/www.finotracoeditora.com.br\/livros\/000555\/9786599013737\/e-book-uma-introducao-a-uniao-europeia-historia-politica-e-economia.html\" target=\"_blank\">Uma introdu\u00e7\u00e3o \u00e0 Uni\u00e3o Europeia: hist\u00f3ria, pol\u00edtica e economia<\/a>. 1ed. Belo Horizonte: Fino Tra\u00e7o Editora, 2019, v. , p. 241-261.&nbsp;<\/p>\n<\/div><\/div>\n\n\n\n<div class=\"wp-block-group\"><div class=\"wp-block-group__inner-container is-layout-flow wp-block-group-is-layout-flow\">\n<p class=\"wp-block-paragraph\">5.<strong>&nbsp;<span class=\"has-inline-color has-medium-pink-color\">CAVALCANTE, A. T. M.<\/span><\/strong>; CAMPOLINA, B. Integra\u00e7\u00e3o Regional: defini\u00e7\u00e3o e conceitos. In: A. M. Cunha. (Org.). <a rel=\"noreferrer noopener\" href=\"http:\/\/www.finotracoeditora.com.br\/livros\/000555\/9786599013737\/e-book-uma-introducao-a-uniao-europeia-historia-politica-e-economia.html\" target=\"_blank\">Uma introdu\u00e7\u00e3o \u00e0 Uni\u00e3o Europeia: hist\u00f3ria, pol\u00edtica e economia<\/a>. 1aed.Belo Horizonte: Fino Tra\u00e7o Editora, 2019, p. 183-240.&nbsp;<\/p>\n<\/div><\/div>\n\n\n\n<div class=\"wp-block-group\"><div class=\"wp-block-group__inner-container is-layout-flow wp-block-group-is-layout-flow\">\n<p class=\"wp-block-paragraph\">6.<strong>&nbsp;<span class=\"has-inline-color has-medium-pink-color\">CAVALCANTE, A. T. M<\/span>.<\/strong> O financiamento do desenvolvimento sustent\u00e1vel. In: M. Andrade; E. Albuquerque (Org.). <span class=\"has-inline-color has-medium-pink-color\"><a rel=\"noreferrer noopener\" href=\"https:\/\/www.cedeplar.ufmg.br\/es-es\/publicacoes\/colecao-populacao-economia\/1067-alternativas-para-uma-crise-de-mu-ltiplas-dimenso-es-1-volume\" target=\"_blank\">Alternativas para uma crise de m\u00faltiplas dimens\u00f5es<\/a>.<\/span> 1ed. Belo Horizonte: Cedeplar\/UFMG, 2018, v. 1, p. 325-342.&nbsp;<\/p>\n<\/div><\/div>\n\n\n\n<div class=\"wp-block-group\"><div class=\"wp-block-group__inner-container is-layout-flow wp-block-group-is-layout-flow\">\n<p class=\"wp-block-paragraph\">7.&nbsp;<strong><span class=\"has-inline-color has-medium-pink-color\">CAVALCANTE, A. T. M.<\/span><\/strong>; RAPINI, M. ; SILVA, L. A. <a rel=\"noreferrer noopener\" href=\"https:\/\/www.researchgate.net\/publication\/323832384_Startups_conceito_especificidades_e_financiamento\" target=\"_blank\">Startups: conceitos, especificidades e financiamento<\/a>. In: L. Parentoni; B. Gontijo; H. Lima. (Org.). Direito, tecnologia e inova\u00e7\u00e3o. 1ed. Belo Horizonte: D&#8217;Pl\u00e1cido, 2018, v. 1, p. 671-696.&nbsp;<\/p>\n<\/div><\/div>\n\n\n\n<div class=\"wp-block-group\"><div class=\"wp-block-group__inner-container is-layout-flow wp-block-group-is-layout-flow\">\n<p class=\"wp-block-paragraph\">8.<strong>&nbsp;<span class=\"has-inline-color has-medium-pink-color\">CAVALCANTE, A. T. M<\/span>.<\/strong>; RAPINI, M. ; LEONEL, S. G. Financiamento da Inova\u00e7\u00e3o: uma Proposta de Articula\u00e7\u00e3o entre as Abordagens P\u00f3s-keynesiana e Neo-schumpeteriana. In: Rapini, M.; Silva, L.; Albuquerque, E. (Org.). Economia da ci\u00eancia, tecnologia e inova\u00e7\u00e3o: Fundamentos te\u00f3ricos e a economia global. 1ed. Curitiba: Primas, 2017, v. 1, p. 1-622.&nbsp;<\/p>\n<\/div><\/div>\n\n\n\n<div class=\"wp-block-group\"><div class=\"wp-block-group__inner-container is-layout-flow wp-block-group-is-layout-flow\">\n<p class=\"wp-block-paragraph\">9.<strong>&nbsp;<\/strong>DINIZ, C. ; CROCCO, M.; SANTOS, F.;&nbsp;<strong><span class=\"has-inline-color has-medium-pink-color\">CAVALCANTE, A. T. M.<\/span><\/strong> A regionaliza\u00e7\u00e3o da pol\u00edtica industrial. In: A. Comim (Org.). Desafios da Pol\u00edtica Industrial no Brasil do S\u00e9culo XXI. Bras\u00edlia: CNI\/IEL\/FINEP, 2009, v. , p. 1-34.&nbsp;<\/p>\n<\/div><\/div>\n\n\n\n<div class=\"wp-block-group\"><div class=\"wp-block-group__inner-container is-layout-flow wp-block-group-is-layout-flow\">\n<p class=\"wp-block-paragraph\">10.<strong>&nbsp;<\/strong>DINIZ, C.; CROCCO, M.; SANTOS, F.;&nbsp;<strong><span class=\"has-inline-color has-medium-pink-color\">CAVALCANTE, A. T. M.<\/span><\/strong> Articula\u00e7\u00e3o institucional e territorial da regionaliza\u00e7\u00e3o da pol\u00edtica industrial. In: A. Comim (Org.). Desafios da Pol\u00edtica Industrial no Brasil do S\u00e9culo XXI. Brasilia: CNI\/IEL\/FINEP, 2009, p. 35-73.&nbsp;<\/p>\n<\/div><\/div>\n\n\n\n<div class=\"wp-block-group\"><div class=\"wp-block-group__inner-container is-layout-flow wp-block-group-is-layout-flow\">\n<p class=\"wp-block-paragraph\">11.&nbsp;<strong><span class=\"has-inline-color has-medium-pink-color\">CAVALCANTE, A. T. M.<\/span><\/strong>; CROCCO, M.; JAYME J\u00daNIOR, F. Prefer\u00eancia pela liquidez, sistema banc\u00e1rio e disponibilidade de cr\u00e9dito regional.. In: M. Crocco; F. Jayme Junior (Org.). Moeda e Territ\u00f3rio: uma interpreta\u00e7\u00e3o da din\u00e2mica regional brasileira.. 1ed.Belo Horizonte: Aut\u00eantica, 2006, v. 1, p. 1-341.&nbsp;<\/p>\n<\/div><\/div>\n\n\n\n<div class=\"wp-block-group\"><div class=\"wp-block-group__inner-container is-layout-flow wp-block-group-is-layout-flow\">\n<p class=\"wp-block-paragraph\">12.<strong>&nbsp;<span class=\"has-inline-color has-medium-pink-color\">CAVALCANTE, A. T. M.<\/span><\/strong>; CROCCO, M.; BARRA, C.; VAL, V. Polariza\u00e7\u00e3o Regional e Sistema Financeiro.. In: M. Crocco; F. Jayme Junior. (Org.). Moeda e Territ\u00f3rio: uma interpreta\u00e7\u00e3o da din\u00e2mica regional brasileira.. 1ed. Belo Horizonte: Aut\u00eantica, 2006, v. 1, p. 1-341.<\/p>\n<\/div><\/div>\n\n\n\n<h5 class=\"wp-block-heading\">TRABALHOS COMPLETOS publicados em anais de congressos<\/h5>\n\n\n\n<p class=\"wp-block-paragraph\"><strong>1.<\/strong> PEREIRA, F.; <strong><span class=\"ugb-highlight\" style=\"color: #e53b51\">CAVALCANTE, A. T. M.<\/span><\/strong>; CAMPOS, R. C. G.; RIBEIRO, W. C. <a href=\"https:\/\/enep.sep.org.br\/uploads\/2051_1647042165_ENEP2022_pdf_ide.pdf\">Estudo de caso sobre a estrat\u00e9gia nacional de educa\u00e7\u00e3o financeira (enef) no brasil: uma panaceia em um contexto de financeiriza\u00e7\u00e3o?<\/a>. In: XXVII Encontro Nacional de Economia Pol\u00edtica, 2022, Uberl\u00e2ndia. Anais do XXVII Encontro Nacional de Economia Pol\u00edtica. Uberl\u00e2ndia, 2022.\u00a0<\/p>\n\n\n\n<p class=\"wp-block-paragraph\"><strong>2.&nbsp;<\/strong>SILVA, B. M. ; <strong><span class=\"ugb-highlight\" style=\"color: #e53b51\">CAVALCANTE, A. T. M.<\/span><\/strong> Desastre &#8216;Fantasma&#8217; em Macacos, Nova Lima (MG): an\u00e1lise explorat\u00f3ria do programa de vouchers de alimenta\u00e7\u00e3o. In: 19\u00ba SEMIN\u00c1RIO DE DIAMANTINA &#8211; Minas Gerais e o Brasil P\u00f3s-Pandemia e os 40 anos do Semin\u00e1rio de Diamantina, 2022, Diamantina, MG. Anais do 19\u00ba SEMIN\u00c1RIO DE DIAMANTINA &#8211; Minas Gerais e o Brasil P\u00f3s-Pandemia e os 40 anos do Semin\u00e1rio de Diamantina. Belo Horizonte, 2022.&nbsp;<\/p>\n\n\n\n<p class=\"wp-block-paragraph\"><strong>3.&nbsp;<\/strong>BRACARENSE, H.; <strong><span class=\"ugb-highlight\" style=\"color: #e53b51\">CAVALCANTE, A. T. M.<\/span><\/strong> An\u00e1lise de Custo-Benef\u00edcio e Precifica\u00e7\u00e3o da Natureza: linhas de a\u00e7\u00e3o da liberaliza\u00e7\u00e3o no desenvolvimento sustent\u00e1vel. In: 19\u00ba SEMIN\u00c1RIO DE DIAMANTINA: Minas Gerais e o Brasil P\u00f3s-Pandemia e os 40 anos do Semin\u00e1rio de Diamantina, 2022, Diamantina, MG. Anais do 19\u00ba SEMIN\u00c1RIO DE DIAMANTINA &#8211; Minas Gerais e o Brasil P\u00f3s-Pandemia e os 40 anos do Semin\u00e1rio de Diamantina. Belo Horizonte, 2022.&nbsp;<\/p>\n\n\n\n<p class=\"wp-block-paragraph\"><strong>4.&nbsp;<\/strong>PEREIRA, F. ; <strong><span class=\"ugb-highlight\" style=\"color: #e53b51\">CAVALCANTE, A. T. M.<\/span><\/strong>; CAMPOS, R. C. G. Estrat\u00e9gias Nacionais de Educa\u00e7\u00e3o Financeira e Economia Comportamental: uma an\u00e1lise cr\u00edtica. In: 19\u00ba SEMIN\u00c1RIO DE DIAMANTINA: Minas Gerais e o Brasil P\u00f3s-Pandemia e os 40 anos do Semin\u00e1rio de Diamantina, 2022, Diamantina, MG. Anais do 19\u00ba SEMIN\u00c1RIO DE DIAMANTINA: Minas Gerais e o Brasil P\u00f3s-Pandemia e os 40 anos do Semin\u00e1rio de Diamantina. Belo Horizonte, 2022.&nbsp;<\/p>\n\n\n\n<p class=\"wp-block-paragraph\"><strong>5.&nbsp;<\/strong>GARCIA, L. ;&nbsp; <strong><span class=\"ugb-highlight\" style=\"color: #e53b51\">CAVALCANTE, A. T. M.<\/span><\/strong> Financial and Monetary Integration in Latin America and the rise of China. In: Fudan Latin American Universities Consortium &#8211; Third Annual Meeting 2021: Transpacific Relationship, 2021, Santiago. Annals of the FLAUC Third Annual Meeting 2021: Transpacific Relationship. Santiago do Chile.<\/p>\n\n\n\n<p class=\"wp-block-paragraph\"><strong>6. <\/strong>CAMPOS, L. F.; <strong><span class=\"ugb-highlight\" style=\"color: #e53b51\">CAVALCANTE, A. T. M.<\/span><\/strong>; ANTIGO, M. F. <a href=\"https:\/\/www.even3.com.br\/anais\/akb2020\/282324-efeitos-da-globalizacao-sobre-a-desigualdade-de-renda-no-brasil-em-ambito-regional\/\">Efeitos da globaliza\u00e7\u00e3o sobre a desigualdade de renda no Brasil em \u00e2mbito regional<\/a>. In: XIII Encontro Internacional da AKB: O P\u00f3s-Keynesianismo: di\u00e1logos entre suas perspectivas, 2020, online. Anais do XIII Encontro Internacional da AKB. S\u00e3o Paulo: Associa\u00e7\u00e3o Keynesiana Brasileira, 2020.<\/p>\n\n\n\n<div class=\"wp-block-group\"><div class=\"wp-block-group__inner-container is-layout-flow wp-block-group-is-layout-flow\">\n<div class=\"wp-block-group\"><div class=\"wp-block-group__inner-container is-layout-flow wp-block-group-is-layout-flow\">\n<p class=\"wp-block-paragraph\"><strong>7.<\/strong> <strong><span class=\"ugb-highlight\" style=\"color: #e53b51\">CAVALCANTE, A. T. M.<\/span><\/strong> <a rel=\"noreferrer noopener\" href=\"http:\/\/anpur.org.br\/xviiienanpur\/anaisadmin\/capapdf.php?reqid=1615\" target=\"_blank\">Qualidade de vida urbana: an\u00e1lise de servi\u00e7os financeiros em Belo Horizonte<\/a>. In: XVIII Encontro Nacional da ENANPUR, 2019, Natal. Anais do XVIII Encontro Nacional da ENANPUR &#8220;Tempos em\/de Transforma\u00e7\u00e3o &#8211; Utopias&#8221;, 2019.&nbsp;<\/p>\n\n\n\n<p class=\"wp-block-paragraph\"><strong>8.<\/strong> <strong><span class=\"ugb-highlight\" style=\"color: #e53b51\">CAVALCANTE, A. T. M.<\/span><\/strong>; SANTOS, M. <a rel=\"noreferrer noopener\" href=\"https:\/\/www.even3.com.br\/anais\/akb\/172896-sistema-financeiro-e-distancia-funcional---analise-do-portfolio-regional-dos-bancos-no-brasil\/\" target=\"_blank\">Sistema financeiro e dist\u00e2ncia funcional: an\u00e1lise do portf\u00f3lio regional dos bancos no Brasil<\/a>. In: XII Encontro Internacional da Associa\u00e7\u00e3o Keynesiana Brasileira, 2019, Campinas. Anais do XII Encontro Internacional da Associa\u00e7\u00e3o Keynesiana Brasileira, 2019. v. 1.&nbsp;<\/p>\n\n\n\n<p class=\"wp-block-paragraph\"><strong>9.<\/strong> TUPY, I.; FARIA, F.; AMARAL, P.; <strong><span class=\"ugb-highlight\" style=\"color: #e53b51\">CAVALCANTE, A. T. M.<\/span><\/strong> <a rel=\"noreferrer noopener\" href=\"https:\/\/diamantina.cedeplar.ufmg.br\/portal\/download\/diamantina-2019\/D18_470.pdf\" target=\"_blank\">The spatiality of recent crises in Brazil: on productive structure and regional resilience in a developing country<\/a>. In: 18\u00ba SEMIN\u00c1RIO DE DIAMANTINA, 2019, Diamantina, Minas Gerais. Anais do 18\u00ba SEMIN\u00c1RIO DE DIAMANTINA, 2019. v. 18. p. 1-20.&nbsp;<\/p>\n\n\n\n<p class=\"wp-block-paragraph\"><strong>10.<\/strong> LEIT\u00c3O, M.; <strong><span class=\"ugb-highlight\" style=\"color: #e53b51\">CAVALCANTE, A. T. M.<\/span><\/strong> <a rel=\"noreferrer noopener\" href=\"http:\/\/diamantina.cedeplar.ufmg.br\/2016\/anais\/economia\/361-616-1-RV_2016_10_09_00_40_58_454.pdf\" target=\"_blank\">Acesso a cr\u00e9dito para microempresas e a atua\u00e7\u00e3o do programa Oportunidades para a Maioria do BID no Brasil: um estudo do caso BDMG Acredita<\/a>. In: XVII Semin\u00e1rio sobre a Economia Mineira, 2016, Diamantina. Anais do XVII Semin\u00e1rio sobre a Economia Mineira. Belo Horizonte, 2016.&nbsp;<\/p>\n\n\n\n<p class=\"wp-block-paragraph\"><strong>11.<\/strong> PARGA, J.; <strong><span class=\"ugb-highlight\" style=\"color: #e53b51\">CAVALCANTE, A. T. M.<\/span><\/strong> <a rel=\"noreferrer noopener\" href=\"https:\/\/econpapers.repec.org\/paper\/cdptexdis\/td530.htm\" target=\"_blank\">BNDES e Balan\u00e7a Comercial: um estudo dos impactos do cr\u00e9dito sobre exporta\u00e7\u00f5es brasileiras<\/a>. In: VIII Encontro Internacional da Associa\u00e7\u00e3o Keynesiana Brasileira, 2015, Uberl\u00e2ndia. Anais do VIII Encontro da Associa\u00e7\u00e3o Keynesiana Brasileira, 2015.&nbsp;<\/p>\n\n\n\n<p class=\"wp-block-paragraph\"><strong>12.<\/strong> <strong><span class=\"ugb-highlight\" style=\"color: #e53b51\">CAVALCANTE, A. T. M.<\/span><\/strong>; CROCCO, M.; PEREIRA, F. <a rel=\"noreferrer noopener\" href=\"https:\/\/brazilconference2014.weaconferences.net\/papers\/financial-inclusion-for-the-poor-a-critical-analysis-of-the-brazilian-case\/\" target=\"_blank\">Financial inclusion for the poor: a critical analysis of the Brazilian case. In: WEA Conference<\/a>: Is a more inclusive and sustainable development possible in Brazil?, 2014. World Economics Association (WEA) Conferences, 2014. v. 1.&nbsp;<\/p>\n\n\n\n<p class=\"wp-block-paragraph\"><strong>13.<\/strong> <strong><span class=\"ugb-highlight\" style=\"color: #e53b51\">CAVALCANTE, A. T. M.<\/span><\/strong> <a rel=\"noreferrer noopener\" href=\"https:\/\/www.anpec.org.br\/encontro\/2011\/inscricao\/arquivos\/000-4993f618d97be6997af8be2374baa773.pdf\" target=\"_blank\">The regional attributes of financial development: financial polarisation and banking mark-ups in Brazilian regions<\/a>. In: Encontro Nacional de Economia da ANPEC, 2011, Foz do Igua\u00e7u. XXXIX Encontro Nacional de Economia ANPEC, 2011.&nbsp;<\/p>\n\n\n\n<p class=\"wp-block-paragraph\"><strong>14.<\/strong> CROCCO, M.;&nbsp;RUIZ, R.; <strong><span class=\"ugb-highlight\" style=\"color: #e53b51\">CAVALCANTE, A. T. M.<\/span><\/strong> <a rel=\"noreferrer noopener\" href=\"https:\/\/www.researchgate.net\/publication\/5000572_Redes_e_polarizacao_urbana_e_financeira_uma_exploracao_inical_para_o_Brasil\" target=\"_blank\">Redes e polariza\u00e7\u00e3o urbana e financeira: um estudo explorat\u00f3rio para o Brasil.<\/a> In: XIII Encontro Nacional de Economia Pol\u00edtica, 2008, Jo\u00e3o Pessoa. Anais do XIII Encontro Nacional de Economia Pol\u00edtica da SEP, 2008.&nbsp;<\/p>\n\n\n\n<p class=\"wp-block-paragraph\"><strong>15.<\/strong> CROCCO, M.; <strong><span class=\"ugb-highlight\" style=\"color: #e53b51\">CAVALCANTE, A. T. M.<\/span><\/strong>; BARRA, C. Polariza\u00e7\u00e3o regional, sistema financeiro e prefer\u00eancia pela liquidez: uma abordagem P\u00f3s-Keynesiana. In: XXX Encontro Nacional de Economia, 2002, Nova Friburgo, 2002.<\/p>\n\n\n\n<p class=\"wp-block-paragraph\"><\/p>\n<\/div><\/div>\n\n\n\n<div class=\"wp-block-group\"><div class=\"wp-block-group__inner-container is-layout-flow wp-block-group-is-layout-flow\">\n<h5 class=\"wp-block-heading\">Resumos publicados em anais de congressos<\/h5>\n<\/div><\/div>\n<\/div><\/div>\n\n\n\n<p class=\"wp-block-paragraph\">1. BARBIERI, A. ;&nbsp; <strong><span class=\"ugb-highlight\" style=\"color: #e53b51\">CAVALCANTE, A. T. M.<\/span><\/strong>; GUEDES, G. ; RESENDE, T. ; MACEDO, D. ; RODRIGUES, C. ; ZANATTA, R. ; SIMAO, A. ; CAMPOS, M. ; MONTE-MOR, R. L. ; NEVES, J. A. ; MELO, M. ; CAMPOS, V. ;&nbsp;<a rel=\"noreferrer noopener\" href=\"http:\/\/lattes.cnpq.br\/9714251804407567\" target=\"_blank\">RUIZ, R. M.<\/a>&nbsp;. Invisible and at risk: identification and measurement of population impacts of the Brumadinho dam collapse in Brazil. In: Paris 2022 International Geographic Union Centennial Congress, 2022, Paris. Analls of the Paris 2022 International Geographic Union Centennial Congress, 2022.&nbsp;<\/p>\n\n\n\n<p class=\"wp-block-paragraph\"><strong>2.&nbsp;<\/strong>Campolina, B. ; <strong><span class=\"ugb-highlight\" style=\"color: #e53b51\">CAVALCANTE, A. T. M.<\/span><\/strong>; VIEGAS, M. ; MAGALHAES, A. ; DINIZ, S. . Dam disasters in brazil and the regional logic behind damage valuation: the case of Mariana (Minas Gerais-Brazil). In: RSA Annual Conference &#8211; Pushing Regions beyond their Borders, 2019, Santiago de Compostela. Abstract Book, 2019.<\/p>\n\n\n\n<p class=\"wp-block-paragraph\"><strong>3.<\/strong> CAMPOLINA, B.; <strong><span class=\"ugb-highlight\" style=\"color: #e53b51\">CAVALCANTE, A. T. M.<\/span><\/strong>; CUNHA, A.; RESENDE, A. Avalia\u00e7\u00e3o dos impactos do programa de aquisi\u00e7\u00e3o de alimentos &#8211; leite no Norte de Minas Gerais. In: 57\u00ba Congresso da SOBER, 2019, Ilh\u00e9us, BA. Anais do 57\u00ba Congresso da SOBER, 2019.<\/p>\n\n\n\n<p class=\"wp-block-paragraph\"><strong>4.<\/strong> CAMPOLINA, B.; <strong><span class=\"ugb-highlight\" style=\"color: #e53b51\">CAVALCANTE, A. T. M.<\/span><\/strong>;&nbsp; VIEGAS, M.; MAGALH\u00c3ES, A.; DINIZ, S. Dam disasters in brazil and the regional logic behind damage valuation: the case of Mariana (Minas Gerais-Brazil). In: RSA Annual Conference &#8211; Pushing Regions beyond their Borders, 2019, Santiago de Compostela. Abstract Book, 2019.&nbsp;<\/p>\n\n\n\n<p class=\"wp-block-paragraph\"><strong>5.<\/strong> CAMPOLINA, B.; <strong><span class=\"ugb-highlight\" style=\"color: #e53b51\">CAVALCANTE, A. T. M.<\/span><\/strong>; CUNHA, A.; RESENDE, A. Impact assessment of food acquisition program &#8211; incentive modality for milk production in the North Region of Minas Gerais (Brazil). In: RSA Annual Conference &#8211; Pushing Regions beyond their Borders, 2019, Santiago de Compostela. Abstract Book, 2019.&nbsp;<\/p>\n\n\n\n<p class=\"wp-block-paragraph\"><strong>6.<\/strong> VIEGAS, M.; NORONHA, K.; SANTOS, A.; SOUZA, A.; GUEDES, G.; CAMPOLINA, B.;&nbsp; <strong><span class=\"ugb-highlight\" style=\"color: #e53b51\">CAVALCANTE, A. T. M.<\/span><\/strong>; MAGALHAES, A.; KIND, P. The use of EQ-5D-3L to measure health related quality of life losses due to a technological disaster in Brazil. In: 26th Annual Conference of the International Society for Quality of Life Research., 2019, San Diego, California, US. Qual Life Res. Switzerland: Springer Nature, 2019. v. 28. p. p.18.&nbsp;<\/p>\n\n\n\n<p class=\"wp-block-paragraph\"><strong>7.<\/strong> TUPY, I.; AMARAL, P.;&nbsp;FARIA, F.; <strong><span class=\"ugb-highlight\" style=\"color: #e53b51\">CAVALCANTE, A. T. M.<\/span><\/strong> The role of productive structure in economic resilience of Brazilian regions and the case of Minas Gerais State. In: 65th Annual North American Meetings of the Regional Science Association International, 2018, San Antonio. Annals of the 65th Annual North American Meetings of the Regional Science Association International, 2018.<\/p>\n\n\n\n<p class=\"wp-block-paragraph\"><strong>8.<\/strong> CAMPOLINA, B.; <strong><span class=\"ugb-highlight\" style=\"color: #e53b51\">CAVALCANTE, A. T. M.<\/span><\/strong> Management of mining territories in Brazil: a comparison with other international experiences. In: Urbanisation in Latin America: Exclusion, Marginality and Conflict Regional Studies Association 2nd Latin America Division Conference, 2017, S\u00e3o Paulo. Annals of the Regional Studies Association Latin America Division, 2017.&nbsp;<\/p>\n\n\n\n<p class=\"wp-block-paragraph\"><strong>9.<\/strong> <strong><span class=\"ugb-highlight\" style=\"color: #e53b51\">CAVALCANTE, A. T. M.<\/span><\/strong>; ALMEIDA, R. The urban dynamics of financial services: measuring the determinants of centralities in a Brazilian metropolis. In: Regional Studies Association Annual Conference, 2017, Dublin. RSA Annual Conference Academic Programme, 2017.&nbsp;<\/p>\n\n\n\n<p class=\"wp-block-paragraph\"><strong>10.<\/strong> CAMPOLINA, B.; <strong><span class=\"ugb-highlight\" style=\"color: #e53b51\">CAVALCANTE, A. T. M.<\/span><\/strong> A methodology for evaluating the territorial impact of mining activities in Brazil. In: Regional Studies Association Annual Conference, 2017, Dublin. RSA Annual Conference Academic Programme, 2017.&nbsp;<\/p>\n\n\n\n<p class=\"wp-block-paragraph\"><strong>11.<\/strong> CAMPOLINA, B.; <strong><span class=\"ugb-highlight\" style=\"color: #e53b51\">CAVALCANTE, A. T. M.<\/span><\/strong>; CIMINI, F. Os desafios da integra\u00e7\u00e3o regional latino americana: an\u00e1lise das trajet\u00f3rias de inser\u00e7\u00e3o internacional das principais economias da regi\u00e3o. In: 41o Encontro Anual da ANPOCS (Associa\u00e7\u00e3o Nacional de P\u00f3s-Gradua\u00e7\u00e3o e Pesquisa em Ci\u00eancias Sociais), 2017, Caxambu. Anais do 41o Encontro Anual da ANPOCS (Associa\u00e7\u00e3o Nacional de P\u00f3s-Gradua\u00e7\u00e3o e Pesquisa em Ci\u00eancias Sociais), 2017.&nbsp;<\/p>\n\n\n\n<p class=\"wp-block-paragraph\"><strong>12.<\/strong>  <strong><span class=\"ugb-highlight\" style=\"color: #e53b51\">CAVALCANTE, A. T. M.<\/span><\/strong>; CAMPOLINA, B.; CIMINI, F. Financial integration in Latin America: lacking of a regional dimension?. In: Urbanisation in Latin America: Exclusion, Marginality and Conflict Regional Studies Association 2nd Latin America Division Conference, 2017, S\u00e3o Paulo. Annals of the Regional Studies Association Latin America Division, 2017.&nbsp;<\/p>\n\n\n\n<p class=\"wp-block-paragraph\"><strong>13.<\/strong> <strong><span class=\"ugb-highlight\" style=\"color: #e53b51\">CAVALCANTE, A. T. M.<\/span><\/strong>; MACHADO, A. F.; PARIS, D.; MELO, A.; PAGLIOTO, B. <a rel=\"noreferrer noopener\" href=\"https:\/\/www.researchgate.net\/publication\/318402348_Knowledge_Economy_metropolitan_development_and_local_issues_a_comparison_between_Lille_France_and_Belo_Horizonte_Brazil\" target=\"_blank\">Knowledge Economy, metropolitan development and local issues: strategies of Lille (France) and Belo Horizonte (Brazil) to face the rarefaction of resources<\/a>. In: AESOP &#8211; Association of European Schools of Planning, 2017, Lisboa. Annals of the AESOP Annual Congress 17&#8242;, 2017.<\/p>\n\n\n\n<p class=\"wp-block-paragraph\"><strong>14.<\/strong> RAPINI, M.; <strong><span class=\"ugb-highlight\" style=\"color: #e53b51\">CAVALCANTE, A. T. M.<\/span><\/strong>; LEONEL, S. Inova\u00e7\u00e3o, Incerteza e Financiamento. In: Anais do XXI Encontro Nacional de Economia Pol\u00edtica, S\u00e3o Bernardo do Campo, 2016.<\/p>\n\n\n\n<p class=\"wp-block-paragraph\"><strong>15.<\/strong> <strong><span class=\"ugb-highlight\" style=\"color: #e53b51\">CAVALCANTE, A. T. M.<\/span><\/strong>; CROCCO, M.; ALMEIDA, R. P. Financial dynamics of urban development. In: Regional Studies Association Annual Conference, 2016, Graz. Annals of the Regional Studies Association Annual Conference, 2016.&nbsp;<\/p>\n\n\n\n<p class=\"wp-block-paragraph\"><strong>16.<\/strong> CROCCO, M.; SANTOS, F. ; <strong><span class=\"ugb-highlight\" style=\"color: #e53b51\">CAVALCANTE, A. T. M.<\/span><\/strong>; TEIXEIRA, M. Financial system resilience: the case of Brazil. In: Regional Studies Association Global Conference, 2014, Fortaleza. Annals of the Regional Studies Association Global Conference, 2014.&nbsp;<\/p>\n\n\n\n<p class=\"wp-block-paragraph\"><strong>17.<\/strong> <strong><span class=\"ugb-highlight\" style=\"color: #e53b51\">CAVALCANTE, A. T. M.<\/span><\/strong>; CROCCO, M.; PEREIRA, F.; RESENDE, A. Financial inclusion for the poor in Brazil: is there a regional case?. In: The Regional Studies Association Global Conference, 2014, Fortaleza. Annals of the Regional Studies Association Global Conference, 2014.&nbsp;<\/p>\n\n\n\n<p class=\"wp-block-paragraph\"><strong>18.<\/strong> <strong><span class=\"ugb-highlight\" style=\"color: #e53b51\">CAVALCANTE, A. T. M.<\/span><\/strong> Regional hierarchy of financial development. In: 7th International Conference Developments in Economic Theory and Policy, 2010, Bilbao. Annals of the 7th International Conference Developments in Economic Theory and Policy, 2010.&nbsp;<\/p>\n\n\n\n<p class=\"wp-block-paragraph\"><strong>19.<\/strong> <strong><span class=\"ugb-highlight\" style=\"color: #e53b51\">CAVALCANTE, A. T. M.<\/span><\/strong> Regional financial development: an assessment of banks&#8217; profitability. In: 6th International Conference Developments in Economic Theory and Policy, 2009, Bilbao. Annals of the 6th International Conference Developments in Economic Theory and Policy, 2009.&nbsp;<\/p>\n\n\n\n<h5 class=\"wp-block-heading\">Artigos aceitos para publica\u00e7\u00e3o<\/h5>\n\n\n\n<p class=\"wp-block-paragraph\">1. <\/p>\n","protected":false},"excerpt":{"rendered":"<p>Artigos completos publicados em revistas acad\u00eamicas A maior parte dos artigos listados a seguir n\u00e3o teria sido produzida ou publicada sem o apoio direto e indireto do Conselho Nacional de Desenvolvimento Cient\u00edfico e Tecnol\u00f3gico (CNPq), da Coordena\u00e7\u00e3o de Aperfei\u00e7oamento de Pessoal de N\u00edvel Superior (CAPES), da Funda\u00e7\u00e3o de Amparo \u00e0 Pesquisa do Estado de Minas &hellip; <a href=\"https:\/\/docentes.face.ufmg.br\/atmc\/pt\/producao-bibliografica\/\" class=\"more-link\">Continuar lendo <span class=\"screen-reader-text\">Produ\u00e7\u00e3o bibliogr\u00e1fica<\/span><\/a><\/p>\n","protected":false},"author":1,"featured_media":0,"parent":0,"menu_order":0,"comment_status":"closed","ping_status":"closed","template":"","meta":{"_crdt_document":"","_exactmetrics_skip_tracking":false,"_exactmetrics_sitenote_active":false,"_exactmetrics_sitenote_note":"","_exactmetrics_sitenote_category":0,"footnotes":""},"class_list":["post-28","page","type-page","status-publish","hentry"],"_links":{"self":[{"href":"https:\/\/docentes.face.ufmg.br\/atmc\/wp-json\/wp\/v2\/pages\/28","targetHints":{"allow":["GET"]}}],"collection":[{"href":"https:\/\/docentes.face.ufmg.br\/atmc\/wp-json\/wp\/v2\/pages"}],"about":[{"href":"https:\/\/docentes.face.ufmg.br\/atmc\/wp-json\/wp\/v2\/types\/page"}],"author":[{"embeddable":true,"href":"https:\/\/docentes.face.ufmg.br\/atmc\/wp-json\/wp\/v2\/users\/1"}],"replies":[{"embeddable":true,"href":"https:\/\/docentes.face.ufmg.br\/atmc\/wp-json\/wp\/v2\/comments?post=28"}],"version-history":[{"count":51,"href":"https:\/\/docentes.face.ufmg.br\/atmc\/wp-json\/wp\/v2\/pages\/28\/revisions"}],"predecessor-version":[{"id":360,"href":"https:\/\/docentes.face.ufmg.br\/atmc\/wp-json\/wp\/v2\/pages\/28\/revisions\/360"}],"wp:attachment":[{"href":"https:\/\/docentes.face.ufmg.br\/atmc\/wp-json\/wp\/v2\/media?parent=28"}],"curies":[{"name":"wp","href":"https:\/\/api.w.org\/{rel}","templated":true}]}}