{"id":256,"date":"2020-04-28T19:09:24","date_gmt":"2020-04-28T22:09:24","guid":{"rendered":"http:\/\/docentes.face.ufmg.br\/atmc\/?page_id=256"},"modified":"2020-11-30T16:48:31","modified_gmt":"2020-11-30T19:48:31","slug":"published-papers-and-works","status":"publish","type":"page","link":"https:\/\/docentes.face.ufmg.br\/atmc\/published-papers-and-works\/","title":{"rendered":"Published Papers and Works"},"content":{"rendered":"<div class=\"entry-content\">\n<h5><span class=\"tlid-translation translation\" lang=\"en\"><span class=\"\" title=\"\">Complete papers published in academic journals<\/span><\/span><\/h5>\n<div class=\"wp-block-group\">\n<div class=\"wp-block-group__inner-container\">\n<p><span class=\"tlid-translation translation\" lang=\"en\"><span class=\"\" title=\"\">Most of the papers listed below would not have been produced or published without the direct and indirect support of the Conselho Nacional de Desenvolvimento Cient\u00edfico e Tecnol\u00f3gico, CNPq [National Council for Scientific and Technological Development, CNPq], the Coordena\u00e7\u00e3o de Aperfei\u00e7oamento de Pessoal de N\u00edvel Superior, CAPES [Coordination for the Improvement of Higher Education Personnel, CAPES], the Funda\u00e7\u00e3o de Amparo \u00e0 Pesquisa do Estado de Minas Gerais, FAPEMIG [Foundation for the Support of<\/span> <span class=\"\" title=\"\">Research in the State of Minas Gerais, FAPEMIG] and the Universidade Federal de Minas Gerais (UFMG).<\/span><\/span><\/p>\n<p>1. <img loading=\"lazy\" decoding=\"async\" class=\"alignnone  wp-image-257\" src=\"http:\/\/docentes.face.ufmg.br\/atmc\/wp-content\/uploads\/sites\/64\/2020\/04\/uk_sq.jpg\" alt=\"\" width=\"20\" height=\"21\" srcset=\"https:\/\/docentes.face.ufmg.br\/atmc\/wp-content\/uploads\/sites\/64\/2020\/04\/uk_sq.jpg 219w, https:\/\/docentes.face.ufmg.br\/atmc\/wp-content\/uploads\/sites\/64\/2020\/04\/uk_sq-150x150.jpg 150w\" sizes=\"auto, (max-width: 20px) 100vw, 20px\" \/> SANTOS, M.; <strong><span class=\"has-inline-color has-medium-pink-color\">CAVALCANTE, A. T. M<\/span><\/strong><strong><span class=\"has-inline-color has-medium-pink-color\">.<\/span><\/strong> <a href=\"https:\/\/www.rbgdr.net\/revista\/index.php\/rbgdr\/article\/view\/5399\">Local survival of banks\u2019 branches in Brazil<\/a>. Revista Brasileira de Gest\u00e3o e Desenvolvimento Regional, v. 16, n. 2, p.143-156, 2020.<\/p>\n<p>2. PEREIRA, F. ; CROCCO, M.; <strong><span class=\"has-inline-color has-medium-pink-color\">CAVALCANTE, A. T. M.<\/span><\/strong> <a href=\"http:\/\/www.scielo.br\/scielo.php?script=sci_arttext&amp;pid=S0104-06182019000200541&amp;lng=en&amp;nrm=iso&amp;tlng=pt\" target=\"_blank\" rel=\"noreferrer noopener\">Um plano nacional de capacita\u00e7\u00e3o financeira: o caso brasileiro<\/a>. Economia e Sociedade (UNICAMP), v. 28, p. 541-561, 2019.<\/p>\n<p>3. ATTILIO, L.; <strong><span class=\"has-inline-color has-medium-pink-color\">CAVALCANTE, A. T. M.<\/span><\/strong> <a href=\"https:\/\/seer.ufrgs.br\/AnaliseEconomica\/article\/view\/74059\" target=\"_blank\" rel=\"noreferrer noopener\">Empresas n\u00e3o financeiras e o impacto da estrat\u00e9gia Maximizing Shareholder Value sobre o emprego no Brasil<\/a>. An\u00e1lise Econ\u00f4mica (UFRGS) online, v. 37, p. 175-209, 2019.<\/p>\n<p>4. MENDONCA, M. P.; <strong><span class=\"has-inline-color has-medium-pink-color\">CAVALCANTE, A. T. M.<\/span><\/strong> <a href=\"http:\/\/www.revistasep.org.br\/index.php\/SEP\/article\/view\/465\" target=\"_blank\" rel=\"noreferrer noopener\">Fragilidade Financeira do setor banc\u00e1rio brasileiro<\/a>. Revista da Sociedade Brasileira de Economia Pol\u00edtica, v. 54, p. 148-182, 2019.<\/p>\n<p>5. <img loading=\"lazy\" decoding=\"async\" class=\"alignnone  wp-image-257\" src=\"http:\/\/docentes.face.ufmg.br\/atmc\/wp-content\/uploads\/sites\/64\/2020\/04\/uk_sq.jpg\" alt=\"\" width=\"20\" height=\"21\" srcset=\"https:\/\/docentes.face.ufmg.br\/atmc\/wp-content\/uploads\/sites\/64\/2020\/04\/uk_sq.jpg 219w, https:\/\/docentes.face.ufmg.br\/atmc\/wp-content\/uploads\/sites\/64\/2020\/04\/uk_sq-150x150.jpg 150w\" sizes=\"auto, (max-width: 20px) 100vw, 20px\" \/> <strong><span class=\"has-inline-color has-medium-pink-color\">CAVALCANTE, A. T. M.<\/span><\/strong> <a href=\"https:\/\/www.tandfonline.com\/doi\/full\/10.1080\/00343404.2018.1441528\" target=\"_blank\" rel=\"noreferrer noopener\">Investment and the banking system: a Kaleckian approach for regions in Brazil<\/a>. Regional Studies, v. 52, n.12, p. 1-14, 2018.<\/p>\n<p>6. <img loading=\"lazy\" decoding=\"async\" class=\"alignnone  wp-image-257\" src=\"http:\/\/docentes.face.ufmg.br\/atmc\/wp-content\/uploads\/sites\/64\/2020\/04\/uk_sq.jpg\" alt=\"\" width=\"20\" height=\"21\" srcset=\"https:\/\/docentes.face.ufmg.br\/atmc\/wp-content\/uploads\/sites\/64\/2020\/04\/uk_sq.jpg 219w, https:\/\/docentes.face.ufmg.br\/atmc\/wp-content\/uploads\/sites\/64\/2020\/04\/uk_sq-150x150.jpg 150w\" sizes=\"auto, (max-width: 20px) 100vw, 20px\" \/> <strong><span class=\"has-inline-color has-medium-pink-color\">CAVALCANTE, A. T. M.<\/span><\/strong>; CROCCO, M.; SANTOS, F.; NOGUEIRA, M. <a href=\"https:\/\/rbeur.anpur.org.br\/rbeur\/article\/view\/5553\" target=\"_blank\" rel=\"noreferrer noopener\">Financialization and Space: Theoretical and Empirical Contributions<\/a>. Revista Brasileira de Estudos Urbanos e Regionais, v. 20, p. 193-220, 2018.<\/p>\n<p>7. <strong><span class=\"has-inline-color has-medium-pink-color\">CAVALCANTE, A. T. M.<\/span><\/strong> <a href=\"https:\/\/periodicosonline.uems.br\/index.php\/fronteiracidadania\/article\/view\/2170\" target=\"_blank\" rel=\"noreferrer noopener\">A Din\u00e2mica Espacial da Exclus\u00e3o Financeira e as Moedas Sociais<\/a>. Fronteiras, Desenvolvimento e Cidadania, v. 1, p. 29-59, 2017.<\/p>\n<p>8. CAMPOLINA, B.; <strong><span class=\"has-inline-color has-medium-pink-color\">CAVALCANTE, A. T. M.<\/span><\/strong> <a href=\"https:\/\/online.unisc.br\/seer\/index.php\/redes\/article\/view\/8546\" target=\"_blank\" rel=\"noreferrer noopener\">Economia miner\u00e1ria e seu impacto urbano: desafios e contradi\u00e7\u00f5es na Regi\u00e3o Metropolitana de Belo Horizonte<\/a>. Redes (Santa Cruz do Sul), v. 22, p. 12-39, 2016.<\/p>\n<p>9. <img loading=\"lazy\" decoding=\"async\" class=\"alignnone  wp-image-257\" src=\"http:\/\/docentes.face.ufmg.br\/atmc\/wp-content\/uploads\/sites\/64\/2020\/04\/uk_sq.jpg\" alt=\"\" width=\"20\" height=\"21\" srcset=\"https:\/\/docentes.face.ufmg.br\/atmc\/wp-content\/uploads\/sites\/64\/2020\/04\/uk_sq.jpg 219w, https:\/\/docentes.face.ufmg.br\/atmc\/wp-content\/uploads\/sites\/64\/2020\/04\/uk_sq-150x150.jpg 150w\" sizes=\"auto, (max-width: 20px) 100vw, 20px\" \/> <strong><span class=\"has-inline-color has-medium-pink-color\">CAVALCANTE, A. T. M.<\/span><\/strong>; ALMEIDA, R.; BAKER, N. <a href=\"https:\/\/revistas.face.ufmg.br\/index.php\/novaeconomia\/article\/view\/3986\" target=\"_blank\" rel=\"noreferrer noopener\">The urban dynamics of financial services: centralities in the metropolis<\/a>. Nova Economia (UFMG), v. 26, p. 1245-1286, 2016.<\/p>\n<p>10. <strong><span class=\"has-inline-color has-medium-pink-color\">CAVALCANTE, A. T. M.<\/span><\/strong> I<a href=\"https:\/\/revistas.face.ufmg.br\/index.php\/novaeconomia\/article\/view\/4484\" target=\"_blank\" rel=\"noreferrer noopener\">ntrodu\u00e7\u00e3o editorial: institui\u00e7\u00f5es e planejamento urbano e regional<\/a>. Nova Economia (UFMG), v. 26, p. 1067-1073, 2016.<\/p>\n<p>11. CROCCO, M.; HERMETO, A.; CARVALHO, C.; SANTOS, F.; JAYME J\u00daNIOR, F.; DYMSKI, G.; <strong><span class=\"has-inline-color has-medium-pink-color\">CAVALCANTE, A. T. M.<\/span><\/strong>; DINIZ, S.; PEREIRA, F.; RESENDE, A. <a href=\"http:\/\/aplicacoes.mds.gov.br\/sagi\/pesquisas\/documentos\/PainelPEI\/Publicacoes\/Pesquisa%20sobre%20os%20conhecimento%20atitudes%20e%20praticas%20financeiras%20das%20fam%C3%ADlias%20inscritas%20no%20cadastro%20unico%20para%20programas%20sociais.pdf\" target=\"_blank\" rel=\"noreferrer noopener\">Estrat\u00e9gia de pesquisa sobre os conhecimentos, atitudes e pr\u00e1ticas financeiras das fam\u00edlias inscritas no Cadastro \u00danico para programas sociais<\/a>. Cadernos de Estudos \u2013 Secretaria de Avalia\u00e7\u00e3o e Gest\u00e3o Da Informa\u00e7\u00e3o, v. 16, p. 51-55, 2015.<\/p>\n<p>12. <img loading=\"lazy\" decoding=\"async\" class=\"alignnone  wp-image-257\" src=\"http:\/\/docentes.face.ufmg.br\/atmc\/wp-content\/uploads\/sites\/64\/2020\/04\/uk_sq.jpg\" alt=\"\" width=\"20\" height=\"21\" srcset=\"https:\/\/docentes.face.ufmg.br\/atmc\/wp-content\/uploads\/sites\/64\/2020\/04\/uk_sq.jpg 219w, https:\/\/docentes.face.ufmg.br\/atmc\/wp-content\/uploads\/sites\/64\/2020\/04\/uk_sq-150x150.jpg 150w\" sizes=\"auto, (max-width: 20px) 100vw, 20px\" \/> CROCCO, M.; SANTOS, F.; <strong><span class=\"has-inline-color has-medium-pink-color\">CAVALCANTE, A. T. M.<\/span><\/strong>; NOGUEIRA, M. <a href=\"https:\/\/rsa.tandfonline.com\/doi\/abs\/10.1080\/13673882.2014.11006054#.XqL92S-z01I\" target=\"_blank\" rel=\"noreferrer noopener\">An empirical assessment of spatial financialisation in Brazil<\/a>. Regions Magazine, v. 295, p. 19-22, 2014.<\/p>\n<p>13. <img loading=\"lazy\" decoding=\"async\" class=\"alignnone  wp-image-257\" src=\"http:\/\/docentes.face.ufmg.br\/atmc\/wp-content\/uploads\/sites\/64\/2020\/04\/uk_sq.jpg\" alt=\"\" width=\"20\" height=\"21\" srcset=\"https:\/\/docentes.face.ufmg.br\/atmc\/wp-content\/uploads\/sites\/64\/2020\/04\/uk_sq.jpg 219w, https:\/\/docentes.face.ufmg.br\/atmc\/wp-content\/uploads\/sites\/64\/2020\/04\/uk_sq-150x150.jpg 150w\" sizes=\"auto, (max-width: 20px) 100vw, 20px\" \/> ARESTIS, P. ; BALTAR, C. ; <strong>CAVALCANTE, A. T. M<\/strong>. <a href=\"http:\/\/www.ogasun.ejgv.euskadi.eus\/r51-k86aekon\/es\/k86aEkonomiazWar\/ekonomiaz\/abrirArticulo?idpubl=67&amp;registro=998\" target=\"_blank\" rel=\"noreferrer noopener\">Current Financial Crisis: The End of Financial Liberalisation<\/a>. Revista Ekonomiaz, v. 72, p. 51-76, 2009.<\/p>\n<p>14. CROCCO, M.; ALBUQUERQUE, E.; <strong>CAVALCANTE, A. T. M<\/strong>.; BRITO, M. <a href=\"https:\/\/periodicos.sbu.unicamp.br\/ojs\/index.php\/rbi\/article\/view\/8648969\" target=\"_blank\" rel=\"noreferrer noopener\">Patentes e Sistemas Financeiros: um estudo explorat\u00f3rio para o Brasil<\/a>. Revista Brasileira de Inova\u00e7\u00e3o, v. 7, p. 367-407, 2008.<\/p>\n<p>15. <span class=\"has-inline-color has-medium-pink-color\"><strong>CAVALCANTE, A. T. M<\/strong>.<\/span>; CROCCO, M.; BRITO, M. <a href=\"https:\/\/seer.ufrgs.br\/AnaliseEconomica\/article\/view\/10871\" target=\"_blank\" rel=\"noreferrer noopener\">Impactos Macroecon\u00f4micos na Varia\u00e7\u00e3o Regional da Oferta de Cr\u00e9dito<\/a>. An\u00e1lise Econ\u00f4mica (UFRGS), v. 25, n.47, p. 142-178, 2007.<\/p>\n<p>16. <img loading=\"lazy\" decoding=\"async\" class=\"alignnone  wp-image-257\" src=\"http:\/\/docentes.face.ufmg.br\/atmc\/wp-content\/uploads\/sites\/64\/2020\/04\/uk_sq.jpg\" alt=\"\" width=\"20\" height=\"21\" srcset=\"https:\/\/docentes.face.ufmg.br\/atmc\/wp-content\/uploads\/sites\/64\/2020\/04\/uk_sq.jpg 219w, https:\/\/docentes.face.ufmg.br\/atmc\/wp-content\/uploads\/sites\/64\/2020\/04\/uk_sq-150x150.jpg 150w\" sizes=\"auto, (max-width: 20px) 100vw, 20px\" \/> CROCCO, M.; <strong><span class=\"has-inline-color has-medium-pink-color\">CAVALCANTE, A. T. M.<\/span><\/strong>; BARRA, C. <a href=\"https:\/\/www.tandfonline.com\/doi\/abs\/10.2753\/PKE0160-3477280204\" target=\"_blank\" rel=\"noreferrer noopener\">The behavior of liquidity preference of banks and public and regional development: the case of Brazil<\/a>. Journal of Post-Keynesian Economics, v. 28, p. 217-240, 2006.<\/p>\n<p>17. <strong><span class=\"has-inline-color has-medium-pink-color\">CAVALCANTE, A. T. M.<\/span><\/strong>; CROCCO, M.; BARRA, C.; VAL, V. <a href=\"https:\/\/seer.ufrgs.br\/AnaliseEconomica\/article\/view\/10729\" target=\"_blank\" rel=\"noreferrer noopener\">Acesso Banc\u00e1rio e Prefer\u00eancia pela Liquidez nas mesorregi\u00f5es administrativas de Minas Gerais<\/a>. An\u00e1lise Econ\u00f4mica (UFRGS), Porto Alegre, v. 21, n.40, p. 39-64, 2003.<\/p>\n<\/div>\n<\/div>\n<h5>Book Chapters<\/h5>\n<p>1. PARIS, D.; MELO, A.; MACHADO, A. F.; <strong><span class=\"has-inline-color has-medium-pink-color\">CAVALCANTE, A. T. M.<\/span><\/strong>; PAGLIOTO, B. Nouvelle \u00e9conomie, cr\u00e9ation de valeur dans la villeet partage de la richesse \u00e0 Lille et Belo Horizonte. In: Pauline Bosredon, Fr\u00e9d\u00e9ric Dumont, Alexandre Magno Alves Diniz, Ana Maria Melo. (Org.). Richesses en partage au Br\u00e9sil et en France: Approches socio-spatiales crois\u00e9es dans le Minas Gerais et le Nord-Pas de Calais. 1ed.Villeneuve d&#8217;Ascq cedex: Presses Universitaires du Septentrion, 2020, p. 75-110.<\/p>\n<p>2.<strong>\u00a0<span class=\"has-inline-color has-medium-pink-color\">CAVALCANTE, A. T. M.<\/span><\/strong>; NOGUEIRA, M.; CROCCO, M. Incerteza, prefer\u00eancia pela liquidez e moeda: contribui\u00e7\u00f5es para a economia regional. In: Jos\u00e9 Luis Oreiro; Luiz Fernando de Paula; Rog\u00e9rio Sobreira. (Org.). Moeda e Sistema Financeiro: ensaios em homenagem a Fernando Cardim de Carvalho. 1ed. Santa Maria: Ed.UFSM, 2019, p. 125-153.<\/p>\n<p>3.<strong>\u00a0<span class=\"has-inline-color has-medium-pink-color\">CAVALCANTE, A. T. M.<\/span><\/strong> Bancos M\u00faltiplos P\u00fablicos e Desenvolvimento. In: Carmem Feij\u00f3; Eliane Ara\u00fajo. (Org.). Macoreconomia moderna: li\u00e7\u00f5es de Keynes para economias em desenvolvimento. 1ed. Rio de Janeiro: Elsevier, 2019, p. 175-188.<\/p>\n<p>4. CAMPOLINA, B.;\u00a0<strong><span class=\"has-inline-color has-medium-pink-color\">CAVALCANTE, A. T. M<\/span>.<\/strong> Desafios contempor\u00e2neos da Uni\u00e3o Europeia. In: Alexandre Mendes Cunha. (Org.). <a href=\"http:\/\/www.finotracoeditora.com.br\/livros\/000555\/9786599013737\/e-book-uma-introducao-a-uniao-europeia-historia-politica-e-economia.html\" target=\"_blank\" rel=\"noreferrer noopener\">Uma introdu\u00e7\u00e3o \u00e0 Uni\u00e3o Europeia: hist\u00f3ria, pol\u00edtica e economia<\/a>. 1ed. Belo Horizonte: Fino Tra\u00e7o Editora, 2019, v. , p. 241-261.<\/p>\n<p>5.<strong>\u00a0<span class=\"has-inline-color has-medium-pink-color\">CAVALCANTE, A. T. M.<\/span><\/strong>; CAMPOLINA, B. Integra\u00e7\u00e3o Regional: defini\u00e7\u00e3o e conceitos. In: A. M. Cunha. (Org.). <a href=\"http:\/\/www.finotracoeditora.com.br\/livros\/000555\/9786599013737\/e-book-uma-introducao-a-uniao-europeia-historia-politica-e-economia.html\" target=\"_blank\" rel=\"noreferrer noopener\">Uma introdu\u00e7\u00e3o \u00e0 Uni\u00e3o Europeia: hist\u00f3ria, pol\u00edtica e economia<\/a>. 1aed.Belo Horizonte: Fino Tra\u00e7o Editora, 2019, p. 183-240.<\/p>\n<p>6.<strong>\u00a0<span class=\"has-inline-color has-medium-pink-color\">CAVALCANTE, A. T. M<\/span>.<\/strong> O financiamento do desenvolvimento sustent\u00e1vel. In: M. Andrade; E. Albuquerque (Org.). <span class=\"has-inline-color has-medium-pink-color\"><a href=\"https:\/\/www.cedeplar.ufmg.br\/es-es\/publicacoes\/colecao-populacao-economia\/1067-alternativas-para-uma-crise-de-mu-ltiplas-dimenso-es-1-volume\" target=\"_blank\" rel=\"noreferrer noopener\">Alternativas para uma crise de m\u00faltiplas dimens\u00f5es<\/a>.<\/span> 1ed. Belo Horizonte: Cedeplar\/UFMG, 2018, v. 1, p. 325-342.<\/p>\n<p>7.\u00a0<strong><span class=\"has-inline-color has-medium-pink-color\">CAVALCANTE, A. T. M.<\/span><\/strong>; RAPINI, M.; SILVA, L. A. <a href=\"https:\/\/www.researchgate.net\/publication\/323832384_Startups_conceito_especificidades_e_financiamento\" target=\"_blank\" rel=\"noreferrer noopener\">Startups: conceitos, especificidades e financiamento<\/a>. In: L. Parentoni; B. Gontijo; H. Lima. (Org.). Direito, tecnologia e inova\u00e7\u00e3o. 1ed. Belo Horizonte: D\u2019Pl\u00e1cido, 2018, v. 1, p. 671-696.<\/p>\n<p>8.<strong>\u00a0<span class=\"has-inline-color has-medium-pink-color\">CAVALCANTE, A. T. M<\/span>.<\/strong>; RAPINI, M.; LEONEL, S. G. Financiamento da Inova\u00e7\u00e3o: uma Proposta de Articula\u00e7\u00e3o entre as Abordagens P\u00f3s-keynesiana e Neo-schumpeteriana. In: Rapini, M.; Silva, L.; Albuquerque, E. (Org.). Economia da ci\u00eancia, tecnologia e inova\u00e7\u00e3o: Fundamentos te\u00f3ricos e a economia global. 1ed. Curitiba: Primas, 2017, v. 1, p. 1-622.<\/p>\n<p>9.<strong>\u00a0<\/strong>DINIZ, C. ; CROCCO, M.; SANTOS, F.;\u00a0<strong><span class=\"has-inline-color has-medium-pink-color\">CAVALCANTE, A. T. M.<\/span><\/strong> A regionaliza\u00e7\u00e3o da pol\u00edtica industrial. In: A. Comim (Org.). Desafios da Pol\u00edtica Industrial no Brasil do S\u00e9culo XXI. Bras\u00edlia: CNI\/IEL\/FINEP, 2009, v. , p. 1-34.<\/p>\n<p>10.<strong>\u00a0<\/strong>DINIZ, C.; CROCCO, M.; SANTOS, F.;\u00a0<strong><span class=\"has-inline-color has-medium-pink-color\">CAVALCANTE, A. T. M.<\/span><\/strong> Articula\u00e7\u00e3o institucional e territorial da regionaliza\u00e7\u00e3o da pol\u00edtica industrial. In: A. Comim (Org.). Desafios da Pol\u00edtica Industrial no Brasil do S\u00e9culo XXI. Brasilia: CNI\/IEL\/FINEP, 2009, p. 35-73.<\/p>\n<p>11.\u00a0<strong><span class=\"has-inline-color has-medium-pink-color\">CAVALCANTE, A. T. M.<\/span><\/strong>; CROCCO, M.; JAYME J\u00daNIOR, F. Prefer\u00eancia pela liquidez, sistema banc\u00e1rio e disponibilidade de cr\u00e9dito regional.. In: M. Crocco; F. Jayme Junior (Org.). Moeda e Territ\u00f3rio: uma interpreta\u00e7\u00e3o da din\u00e2mica regional brasileira.. 1ed.Belo Horizonte: Aut\u00eantica, 2006, v. 1, p. 1-341.<\/p>\n<p>12.<strong>\u00a0<span class=\"has-inline-color has-medium-pink-color\">CAVALCANTE, A. T. M.<\/span><\/strong>; CROCCO, M.; BARRA, C.; VAL, V. Polariza\u00e7\u00e3o Regional e Sistema Financeiro.. In: M. Crocco; F. Jayme Junior. (Org.). Moeda e Territ\u00f3rio: uma interpreta\u00e7\u00e3o da din\u00e2mica regional brasileira.. 1ed. Belo Horizonte: Aut\u00eantica, 2006, v. 1, p. 1-341.<\/p>\n<h5>Complete works published in seminars<\/h5>\n<p>1. CAMPOS, L. F.; <span class=\"has-inline-color has-medium-pink-color\"><strong>CAVALCANTE, A. T. M.<\/strong><\/span>; ANTIGO, M. F. <a href=\"https:\/\/www.even3.com.br\/anais\/akb2020\/282324-efeitos-da-globalizacao-sobre-a-desigualdade-de-renda-no-brasil-em-ambito-regional\/\">Efeitos da globaliza\u00e7\u00e3o sobre a desigualdade de renda no Brasil em \u00e2mbito regional<\/a>. In: XIII Encontro Internacional da AKB: O P\u00f3s-Keynesianismo: di\u00e1logos entre suas perspectivas, 2020, online. Anais do XIII Encontro Internacional da AKB. S\u00e3o Paulo: Associa\u00e7\u00e3o Keynesiana Brasileira, 2020.<\/p>\n<p><span class=\"has-inline-color has-medium-pink-color\"><span style=\"color: #000000\">2.<\/span><\/span><strong><span class=\"has-inline-color has-medium-pink-color\"> CAVALCANTE, A. T. M.<\/span><\/strong> <a href=\"http:\/\/anpur.org.br\/xviiienanpur\/anaisadmin\/capapdf.php?reqid=1615\" target=\"_blank\" rel=\"noreferrer noopener\">Qualidade de vida urbana: an\u00e1lise de servi\u00e7os financeiros em Belo Horizonte<\/a>. In: XVIII Encontro Nacional da ENANPUR, 2019, Natal. Anais do XVIII Encontro Nacional da ENANPUR \u201cTempos em\/de Transforma\u00e7\u00e3o \u2013 Utopias\u201d, 2019.<\/p>\n<p>3. <strong><span class=\"has-inline-color has-medium-pink-color\">CAVALCANTE, A. T. M.<\/span><\/strong>; SANTOS, M. <a href=\"https:\/\/www.even3.com.br\/anais\/akb\/172896-sistema-financeiro-e-distancia-funcional---analise-do-portfolio-regional-dos-bancos-no-brasil\/\" target=\"_blank\" rel=\"noreferrer noopener\">Sistema financeiro e dist\u00e2ncia funcional: an\u00e1lise do portf\u00f3lio regional dos bancos no Brasil<\/a>. In: XII Encontro Internacional da Associa\u00e7\u00e3o Keynesiana Brasileira, 2019, Campinas. Anais do XII Encontro Internacional da Associa\u00e7\u00e3o Keynesiana Brasileira, 2019. v. 1.<\/p>\n<p>4. <img loading=\"lazy\" decoding=\"async\" class=\"alignnone  wp-image-257\" src=\"http:\/\/docentes.face.ufmg.br\/atmc\/wp-content\/uploads\/sites\/64\/2020\/04\/uk_sq.jpg\" alt=\"\" width=\"20\" height=\"21\" srcset=\"https:\/\/docentes.face.ufmg.br\/atmc\/wp-content\/uploads\/sites\/64\/2020\/04\/uk_sq.jpg 219w, https:\/\/docentes.face.ufmg.br\/atmc\/wp-content\/uploads\/sites\/64\/2020\/04\/uk_sq-150x150.jpg 150w\" sizes=\"auto, (max-width: 20px) 100vw, 20px\" \/> TUPY, I.; FARIA, F.; AMARAL, P.; <strong><span class=\"has-inline-color has-medium-pink-color\">CAVALCANTE, A. T. M.<\/span><\/strong> <a href=\"https:\/\/diamantina.cedeplar.ufmg.br\/portal\/download\/diamantina-2019\/D18_470.pdf\" target=\"_blank\" rel=\"noreferrer noopener\">The spatiality of recent crises in Brazil: on productive structure and regional resilience in a developing country<\/a>. In: 18\u00ba SEMIN\u00c1RIO DE DIAMANTINA, 2019, Diamantina, Minas Gerais. Anais do 18\u00ba SEMIN\u00c1RIO DE DIAMANTINA, 2019. v. 18. p. 1-20.<\/p>\n<p>5. LEIT\u00c3O, M.;\u00a0<strong><span class=\"has-inline-color has-medium-pink-color\">CAVALCANTE, A. T. M.<\/span><\/strong> <a href=\"http:\/\/diamantina.cedeplar.ufmg.br\/2016\/anais\/economia\/361-616-1-RV_2016_10_09_00_40_58_454.pdf\" target=\"_blank\" rel=\"noreferrer noopener\">Acesso a cr\u00e9dito para microempresas e a atua\u00e7\u00e3o do programa Oportunidades para a Maioria do BID no Brasil: um estudo do caso BDMG Acredita<\/a>. In: XVII Semin\u00e1rio sobre a Economia Mineira, 2016, Diamantina. Anais do XVII Semin\u00e1rio sobre a Economia Mineira. Belo Horizonte, 2016.<\/p>\n<p>6. PARGA, J.;\u00a0<strong><span class=\"has-inline-color has-medium-pink-color\">CAVALCANTE, A. T. M.<\/span><\/strong> <a href=\"https:\/\/econpapers.repec.org\/paper\/cdptexdis\/td530.htm\" target=\"_blank\" rel=\"noreferrer noopener\">BNDES e Balan\u00e7a Comercial: um estudo dos impactos do cr\u00e9dito sobre exporta\u00e7\u00f5es brasileiras<\/a>. In: VIII Encontro Internacional da Associa\u00e7\u00e3o Keynesiana Brasileira, 2015, Uberl\u00e2ndia. Anais do VIII Encontro da Associa\u00e7\u00e3o Keynesiana Brasileira, 2015.<\/p>\n<p>7. <img loading=\"lazy\" decoding=\"async\" class=\"alignnone  wp-image-257\" src=\"http:\/\/docentes.face.ufmg.br\/atmc\/wp-content\/uploads\/sites\/64\/2020\/04\/uk_sq.jpg\" alt=\"\" width=\"20\" height=\"21\" srcset=\"https:\/\/docentes.face.ufmg.br\/atmc\/wp-content\/uploads\/sites\/64\/2020\/04\/uk_sq.jpg 219w, https:\/\/docentes.face.ufmg.br\/atmc\/wp-content\/uploads\/sites\/64\/2020\/04\/uk_sq-150x150.jpg 150w\" sizes=\"auto, (max-width: 20px) 100vw, 20px\" \/> <strong><span class=\"has-inline-color has-medium-pink-color\">CAVALCANTE, A. T. M.<\/span><\/strong>; CROCCO, M.; PEREIRA, F. <a href=\"https:\/\/brazilconference2014.weaconferences.net\/papers\/financial-inclusion-for-the-poor-a-critical-analysis-of-the-brazilian-case\/\">Financial inclusion for the poor: a critical analysis of the Brazilian case<\/a>. In: WEA Conference: Is a more inclusive and sustainable development possible in Brazil?, 2014. World Economics Association (WEA) Conferences, 2014. v. 1.<\/p>\n<p>8. <img loading=\"lazy\" decoding=\"async\" class=\"alignnone  wp-image-257\" src=\"http:\/\/docentes.face.ufmg.br\/atmc\/wp-content\/uploads\/sites\/64\/2020\/04\/uk_sq.jpg\" alt=\"\" width=\"20\" height=\"21\" srcset=\"https:\/\/docentes.face.ufmg.br\/atmc\/wp-content\/uploads\/sites\/64\/2020\/04\/uk_sq.jpg 219w, https:\/\/docentes.face.ufmg.br\/atmc\/wp-content\/uploads\/sites\/64\/2020\/04\/uk_sq-150x150.jpg 150w\" sizes=\"auto, (max-width: 20px) 100vw, 20px\" \/> <strong><span class=\"has-inline-color has-medium-pink-color\">CAVALCANTE, A. T. M.<\/span><\/strong> <a href=\"https:\/\/www.anpec.org.br\/encontro\/2011\/inscricao\/arquivos\/000-4993f618d97be6997af8be2374baa773.pdf\" target=\"_blank\" rel=\"noreferrer noopener\">The regional attributes of financial development: financial polarisation and banking mark-ups in Brazilian regions<\/a>. In: Encontro Nacional de Economia da ANPEC, 2011, Foz do Igua\u00e7u. XXXIX Encontro Nacional de Economia ANPEC, 2011.<\/p>\n<p>9. CROCCO, M.;\u00a0RUIZ, R.;\u00a0<strong><span class=\"has-inline-color has-medium-pink-color\">CAVALCANTE, A. T. M.<\/span><\/strong> <a href=\"https:\/\/www.researchgate.net\/publication\/5000572_Redes_e_polarizacao_urbana_e_financeira_uma_exploracao_inical_para_o_Brasil\" target=\"_blank\" rel=\"noreferrer noopener\">Redes e polariza\u00e7\u00e3o urbana e financeira: um estudo explorat\u00f3rio para o Brasil.<\/a> In: XIII Encontro Nacional de Economia Pol\u00edtica, 2008, Jo\u00e3o Pessoa. Anais do XIII Encontro Nacional de Economia Pol\u00edtica da SEP, 2008.<\/p>\n<p>10. CROCCO, M.;\u00a0<strong><span class=\"has-inline-color has-medium-pink-color\">CAVALCANTE, A. T. M.<\/span><\/strong>; BARRA, C. Polariza\u00e7\u00e3o regional, sistema financeiro e prefer\u00eancia pela liquidez: uma abordagem P\u00f3s-Keynesiana. In: XXX Encontro Nacional de Economia, 2002, Nova Friburgo, 2002.<\/p>\n<h5>Published abstracts in seminars<\/h5>\n<p>1.\u00a0CAMPOLINA, B.;\u00a0<span class=\"has-inline-color has-medium-pink-color\"><strong>CAVALCANTE, A. T. M.<\/strong>\u00a0<\/span>; CUNHA, A.; RESENDE, A. Avalia\u00e7\u00e3o dos impactos do programa de aquisi\u00e7\u00e3o de alimentos \u2013 leite no Norte de Minas Gerais. In: 57\u00ba Congresso da SOBER, 2019, Ilh\u00e9us, BA. Anais do 57\u00ba Congresso da SOBER, 2019.<\/p>\n<p>2. <img loading=\"lazy\" decoding=\"async\" class=\"alignnone  wp-image-257\" src=\"http:\/\/docentes.face.ufmg.br\/atmc\/wp-content\/uploads\/sites\/64\/2020\/04\/uk_sq.jpg\" alt=\"\" width=\"20\" height=\"21\" srcset=\"https:\/\/docentes.face.ufmg.br\/atmc\/wp-content\/uploads\/sites\/64\/2020\/04\/uk_sq.jpg 219w, https:\/\/docentes.face.ufmg.br\/atmc\/wp-content\/uploads\/sites\/64\/2020\/04\/uk_sq-150x150.jpg 150w\" sizes=\"auto, (max-width: 20px) 100vw, 20px\" \/> CAMPOLINA, B.; <strong><span class=\"has-inline-color has-medium-pink-color\">CAVALCANTE, A. T. M.<\/span><\/strong>;\u00a0 VIEGAS, M.; MAGALH\u00c3ES, A.; DINIZ, S. Dam disasters in brazil and the regional logic behind damage valuation: the case of Mariana (Minas Gerais-Brazil). In: RSA Annual Conference \u2013 Pushing Regions beyond their Borders, 2019, Santiago de Compostela. Abstract Book, 2019.<\/p>\n<p>3. CAMPOLINA, B.;\u00a0<strong><span class=\"has-inline-color has-medium-pink-color\">CAVALCANTE, A. T. M.<\/span><\/strong>; CUNHA, A.; RESENDE, A. Impact assessment of food acquisition program \u2013 incentive modality for milk production in the North Region of Minas Gerais (Brazil). In: RSA Annual Conference \u2013 Pushing Regions beyond their Borders, 2019, Santiago de Compostela. Abstract Book, 2019.<\/p>\n<p>4. VIEGAS, M.; NORONHA, K.; SANTOS, A.; SOUZA, A.; GUEDES, G.; CAMPOLINA, B.;\u00a0<strong><span class=\"has-inline-color has-medium-pink-color\">CAVALCANTE, A. T. M.<\/span><\/strong>; MAGALHAES, A.; KIND, P. The use of EQ-5D-3L to measure health related quality of life losses due to a technological disaster in Brazil. In: 26th Annual Conference of the International Society for Quality of Life Research., 2019, San Diego, California, US. Qual Life Res. Switzerland: Springer Nature, 2019. v. 28. p. p.18.<\/p>\n<p>5. TUPY, I.; AMARAL, P.;\u00a0FARIA, F.; <strong><span class=\"has-inline-color has-medium-pink-color\">CAVALCANTE, A. T. M.<\/span><\/strong> The role of productive structure in economic resilience of Brazilian regions and the case of Minas Gerais State. In: 65th Annual North American Meetings of the Regional Science Association International, 2018, San Antonio. Annals of the 65th Annual North American Meetings of the Regional Science Association International, 2018.<\/p>\n<p>6. CAMPOLINA, B. ;\u00a0<strong><span class=\"has-inline-color has-medium-pink-color\">CAVALCANTE, A. T. M.<\/span><\/strong> Management of mining territories in Brazil: a comparison with other international experiences. In: Urbanisation in Latin America: Exclusion, Marginality and Conflict Regional Studies Association 2nd Latin America Division Conference, 2017, S\u00e3o Paulo. Annals of the Regional Studies Association Latin America Division, 2017.<\/p>\n<p>7. <strong><span class=\"has-inline-color has-medium-pink-color\">CAVALCANTE, A. T. M.<\/span><\/strong>; ALMEIDA, R. The urban dynamics of financial services: measuring the determinants of centralities in a Brazilian metropolis. In: Regional Studies Association Annual Conference, 2017, Dublin. RSA Annual Conference Academic Programme, 2017.<\/p>\n<p>8. CAMPOLINA, B.;\u00a0<strong><span class=\"has-inline-color has-medium-pink-color\">CAVALCANTE, A. T. M.<\/span><\/strong> A methodology for evaluating the territorial impact of mining activities in Brazil. In: Regional Studies Association Annual Conference, 2017, Dublin. RSA Annual Conference Academic Programme, 2017.<\/p>\n<p>9. CAMPOLINA, B.;\u00a0<strong><span class=\"has-inline-color has-medium-pink-color\">CAVALCANTE, A. T. M.<\/span><\/strong>; CIMINI, F. Os desafios da integra\u00e7\u00e3o regional latino americana: an\u00e1lise das trajet\u00f3rias de inser\u00e7\u00e3o internacional das principais economias da regi\u00e3o. In: 41o Encontro Anual da ANPOCS (Associa\u00e7\u00e3o Nacional de P\u00f3s-Gradua\u00e7\u00e3o e Pesquisa em Ci\u00eancias Sociais), 2017, Caxambu. Anais do 41o Encontro Anual da ANPOCS (Associa\u00e7\u00e3o Nacional de P\u00f3s-Gradua\u00e7\u00e3o e Pesquisa em Ci\u00eancias Sociais), 2017.<\/p>\n<p>10. <strong><span class=\"has-inline-color has-medium-pink-color\">CAVALCANTE, A. T. M.<\/span><\/strong>; CAMPOLINA, B.; CIMINI, F. Financial integration in Latin America: lacking of a regional dimension?. In: Urbanisation in Latin America: Exclusion, Marginality and Conflict Regional Studies Association 2nd Latin America Division Conference, 2017, S\u00e3o Paulo. Annals of the Regional Studies Association Latin America Division, 2017.<\/p>\n<p>11. <img loading=\"lazy\" decoding=\"async\" class=\"alignnone  wp-image-257\" src=\"http:\/\/docentes.face.ufmg.br\/atmc\/wp-content\/uploads\/sites\/64\/2020\/04\/uk_sq.jpg\" alt=\"\" width=\"20\" height=\"21\" srcset=\"https:\/\/docentes.face.ufmg.br\/atmc\/wp-content\/uploads\/sites\/64\/2020\/04\/uk_sq.jpg 219w, https:\/\/docentes.face.ufmg.br\/atmc\/wp-content\/uploads\/sites\/64\/2020\/04\/uk_sq-150x150.jpg 150w\" sizes=\"auto, (max-width: 20px) 100vw, 20px\" \/> <strong><span class=\"has-inline-color has-medium-pink-color\">CAVALCANTE, A. T. M.<\/span><\/strong>; MACHADO, A. F.; PARIS, D.; MELO, A.; PAGLIOTO, B. <a href=\"https:\/\/www.researchgate.net\/publication\/318402348_Knowledge_Economy_metropolitan_development_and_local_issues_a_comparison_between_Lille_France_and_Belo_Horizonte_Brazil\" target=\"_blank\" rel=\"noreferrer noopener\">Knowledge Economy, metropolitan development and local issues: strategies of Lille (France) and Belo Horizonte (Brazil) to face the rarefaction of resources<\/a>. In: AESOP \u2013 Association of European Schools of Planning, 2017, Lisboa. Annals of the AESOP Annual Congress 17\u2032, 2017.<\/p>\n<p>12. RAPINI, M.;\u00a0<strong><span class=\"has-inline-color has-medium-pink-color\">CAVALCANTE, A. T. M.<\/span><\/strong>; LEONEL, S. Inova\u00e7\u00e3o, Incerteza e Financiamento. In: Anais do XXI Encontro Nacional de Economia Pol\u00edtica, S\u00e3o Bernardo do Campo, 2016.<\/p>\n<p>13. <strong><span class=\"has-inline-color has-medium-pink-color\">CAVALCANTE, A. T. M.<\/span><\/strong>; CROCCO, M.; ALMEIDA, R. P. Financial dynamics of urban development. In: Regional Studies Association Annual Conference, 2016, Graz. Annals of the Regional Studies Association Annual Conference, 2016.<\/p>\n<p>14. CROCCO, M.; SANTOS, F. ;\u00a0<strong><span class=\"has-inline-color has-medium-pink-color\">CAVALCANTE, A. T. M.<\/span><\/strong>; TEIXEIRA, M. Financial system resilience: the case of Brazil. In: Regional Studies Association Global Conference, 2014, Fortaleza. Annals of the Regional Studies Association Global Conference, 2014.<\/p>\n<p>15. <strong><span class=\"has-inline-color has-medium-pink-color\">CAVALCANTE, A. T. M.<\/span><\/strong>; CROCCO, M.; PEREIRA, F.; RESENDE, A. Financial inclusion for the poor in Brazil: is there a regional case?. In: The Regional Studies Association Global Conference, 2014, Fortaleza. Annals of the Regional Studies Association Global Conference, 2014.<\/p>\n<p>16. <strong><span class=\"has-inline-color has-medium-pink-color\">CAVALCANTE, A. T. M.<\/span><\/strong> Regional hierarchy of financial development. In: 7th International Conference Developments in Economic Theory and Policy, 2010, Bilbao. Annals of the 7th International Conference Developments in Economic Theory and Policy, 2010.<\/p>\n<p>17. <strong><span class=\"has-inline-color has-medium-pink-color\">CAVALCANTE, A. T. M.<\/span><\/strong> Regional financial development: an assessment of banks\u2019 profitability. In: 6th International Conference Developments in Economic Theory and Policy, 2009, Bilbao. Annals of the 6th International Conference Developments in Economic Theory and Policy, 2009.<\/p>\n<h5>Accepted for publication<\/h5>\n<p>1. <img loading=\"lazy\" decoding=\"async\" class=\"alignnone  wp-image-257\" src=\"http:\/\/docentes.face.ufmg.br\/atmc\/wp-content\/uploads\/sites\/64\/2020\/04\/uk_sq.jpg\" alt=\"\" width=\"20\" height=\"21\" srcset=\"https:\/\/docentes.face.ufmg.br\/atmc\/wp-content\/uploads\/sites\/64\/2020\/04\/uk_sq.jpg 219w, https:\/\/docentes.face.ufmg.br\/atmc\/wp-content\/uploads\/sites\/64\/2020\/04\/uk_sq-150x150.jpg 150w\" sizes=\"auto, (max-width: 20px) 100vw, 20px\" \/> TUPY, I. ; AMARAL, P. ; FARIA, F. ; <b>CAVALCANTE, A. T. M.<\/b>\u00a0The spatial features of recent crises in a developing country: analyzing regional economic resilience for the Brazilian case. REGIONAL STUDIES, 2021.<\/p>\n<\/div>\n","protected":false},"excerpt":{"rendered":"<p>Complete papers published in academic journals Most of the papers listed below would not have been produced or published without the direct and indirect support of the Conselho Nacional de Desenvolvimento Cient\u00edfico e Tecnol\u00f3gico, CNPq [National Council for Scientific and Technological Development, CNPq], the Coordena\u00e7\u00e3o de Aperfei\u00e7oamento de Pessoal de N\u00edvel Superior, CAPES [Coordination for &hellip; <a href=\"https:\/\/docentes.face.ufmg.br\/atmc\/published-papers-and-works\/\" class=\"more-link\">Continuar lendo <span class=\"screen-reader-text\">Published Papers and Works<\/span><\/a><\/p>\n","protected":false},"author":58,"featured_media":0,"parent":0,"menu_order":0,"comment_status":"closed","ping_status":"closed","template":"","meta":{"_crdt_document":"","_exactmetrics_skip_tracking":false,"_exactmetrics_sitenote_active":false,"_exactmetrics_sitenote_note":"","_exactmetrics_sitenote_category":0,"footnotes":""},"class_list":["post-256","page","type-page","status-publish","hentry"],"_links":{"self":[{"href":"https:\/\/docentes.face.ufmg.br\/atmc\/wp-json\/wp\/v2\/pages\/256","targetHints":{"allow":["GET"]}}],"collection":[{"href":"https:\/\/docentes.face.ufmg.br\/atmc\/wp-json\/wp\/v2\/pages"}],"about":[{"href":"https:\/\/docentes.face.ufmg.br\/atmc\/wp-json\/wp\/v2\/types\/page"}],"author":[{"embeddable":true,"href":"https:\/\/docentes.face.ufmg.br\/atmc\/wp-json\/wp\/v2\/users\/58"}],"replies":[{"embeddable":true,"href":"https:\/\/docentes.face.ufmg.br\/atmc\/wp-json\/wp\/v2\/comments?post=256"}],"version-history":[{"count":8,"href":"https:\/\/docentes.face.ufmg.br\/atmc\/wp-json\/wp\/v2\/pages\/256\/revisions"}],"predecessor-version":[{"id":311,"href":"https:\/\/docentes.face.ufmg.br\/atmc\/wp-json\/wp\/v2\/pages\/256\/revisions\/311"}],"wp:attachment":[{"href":"https:\/\/docentes.face.ufmg.br\/atmc\/wp-json\/wp\/v2\/media?parent=256"}],"curies":[{"name":"wp","href":"https:\/\/api.w.org\/{rel}","templated":true}]}}